{"id":3852,"date":"2021-01-15T17:49:36","date_gmt":"2021-01-15T16:49:36","guid":{"rendered":"https:\/\/laclairiereproduction.com\/?post_type=project&#038;p=3852"},"modified":"2024-04-03T17:02:02","modified_gmt":"2024-04-03T15:02:02","slug":"la-fabrique-du-soin","status":"publish","type":"project","link":"https:\/\/laclairiereproduction.com\/en\/la-fabrique-du-soin\/","title":{"rendered":"THE CARE FACTORY"},"content":{"rendered":"<p>[et_pb_section fb_built=\u00a0\u00bb1&Prime; disabled_on=\u00a0\u00bbon|on|on\u00a0\u00bb admin_label=\u00a0\u00bbSection\u00a0\u00bb _builder_version=\u00a0\u00bb4.7.7&Prime; _module_preset=\u00a0\u00bbdefault\u00a0\u00bb custom_padding=\u00a0\u00bb33px||4px|||\u00a0\u00bb disabled=\u00a0\u00bbon\u00a0\u00bb global_module=\u00a0\u00bb2791&Prime; saved_tabs=\u00a0\u00bball\u00a0\u00bb collapsed=\u00a0\u00bbon\u00a0\u00bb global_colors_info=\u00a0\u00bb{}\u00a0\u00bb][et_pb_row column_structure=\u00a0\u00bb1_5,3_5,1_5&Prime; use_custom_gutter=\u00a0\u00bbon\u00a0\u00bb gutter_width=\u00a0\u00bb2&Prime; _builder_version=\u00a0\u00bb4.16&Prime; _module_preset=\u00a0\u00bbdefault\u00a0\u00bb collapsed=\u00a0\u00bboff\u00a0\u00bb global_colors_info=\u00a0\u00bb{}\u00a0\u00bb][et_pb_column type=\u00a0\u00bb1_5&Prime; _builder_version=\u00a0\u00bb4.16&Prime; _module_preset=\u00a0\u00bbdefault\u00a0\u00bb global_colors_info=\u00a0\u00bb{}\u00a0\u00bb][et_pb_code raw_content_tablet=\u00a0\u00bb<a href=%22https:\/\/laclairiereproduction.com\/%22><img class=%22wp-image-870 alignleft%22 src=%22https:\/\/laclairiereproduction.com\/wp-content\/uploads\/2018\/05\/logov1.gif%22 alt=%22Logo LaClairi\u00e8re Production &#038; LaClairi\u00e8re Production Ouest%22 width=%22120%22 height=%22115%22 \/><\/a>\u00a0\u00bb raw_content_phone=\u00a0\u00bb\u00a0\u00bb raw_content_last_edited=\u00a0\u00bbon|phone\u00a0\u00bb _builder_version=\u00a0\u00bb4.16&Prime; _module_preset=\u00a0\u00bbdefault\u00a0\u00bb global_colors_info=\u00a0\u00bb{}\u00a0\u00bb]<a href=\"https:\/\/laclairiereproduction.com\/\"><img loading=\"lazy\" decoding=\"async\" class=\"wp-image-870 alignleft\" src=\"https:\/\/laclairiereproduction.com\/wp-content\/uploads\/2018\/05\/logov1.gif\" alt=\"Logo LaClairi\u00e8re Production &#038; LaClairi\u00e8re Production Ouest\" width=\"140\" height=\"134\" \/><\/a>[\/et_pb_code][\/et_pb_column][et_pb_column type=\u00a0\u00bb3_5&Prime; _builder_version=\u00a0\u00bb4.16&Prime; _module_preset=\u00a0\u00bbdefault\u00a0\u00bb global_colors_info=\u00a0\u00bb{}\u00a0\u00bb][et_pb_menu menu_id=\u00a0\u00bb260&Prime; _builder_version=\u00a0\u00bb4.16&Prime; _module_preset=\u00a0\u00bbdefault\u00a0\u00bb global_colors_info=\u00a0\u00bb{}\u00a0\u00bb][\/et_pb_menu][\/et_pb_column][et_pb_column type=\u00a0\u00bb1_5&Prime; _builder_version=\u00a0\u00bb4.16&Prime; _module_preset=\u00a0\u00bbdefault\u00a0\u00bb global_colors_info=\u00a0\u00bb{}\u00a0\u00bb][et_pb_button button_url=\u00a0\u00bbhttps:\/\/laclairiereproduction.com\/shop\/\u00a0\u00bb button_text=\u00a0\u00bbBOUTIQUE\u00a0\u00bb _builder_version=\u00a0\u00bb4.16&Prime; _module_preset=\u00a0\u00bbdefault\u00a0\u00bb custom_button=\u00a0\u00bbon\u00a0\u00bb button_text_size=\u00a0\u00bb15px\u00a0\u00bb button_text_color=\u00a0\u00bb#ffffff\u00a0\u00bb button_bg_color=\u00a0\u00bb#DB1503&Prime; button_use_icon=\u00a0\u00bboff\u00a0\u00bb background_layout=\u00a0\u00bbdark\u00a0\u00bb global_colors_info=\u00a0\u00bb{}\u00a0\u00bb][\/et_pb_button][\/et_pb_column][\/et_pb_row][\/et_pb_section][et_pb_section fb_built=\u00a0\u00bb1&Prime; _builder_version=\u00a0\u00bb4.16&Prime; custom_padding=\u00a0\u00bb30px|0px||0px\u00a0\u00bb global_colors_info=\u00a0\u00bb{}\u00a0\u00bb][et_pb_row _builder_version=\u00a0\u00bb4.16&Prime; custom_padding=\u00a0\u00bb0|0px|27px|0px\u00a0\u00bb global_colors_info=\u00a0\u00bb{}\u00a0\u00bb][et_pb_column type=\u00a0\u00bb4_4&Prime; _builder_version=\u00a0\u00bb4.16&Prime; custom_padding=\u00a0\u00bb|||\u00a0\u00bb global_colors_info=\u00a0\u00bb{}\u00a0\u00bb custom_padding__hover=\u00a0\u00bb|||\u00a0\u00bb][et_pb_text admin_label=\u00a0\u00bbCat\u00e9gorie: Documentaires\u00a0\u00bb _builder_version=\u00a0\u00bb4.16&Prime; text_font=\u00a0\u00bbOpen Sans|800||on|||||\u00a0\u00bb text_text_color=\u00a0\u00bb#a4bf31&Prime; text_font_size=\u00a0\u00bb18px\u00a0\u00bb custom_margin=\u00a0\u00bb5px|||\u00a0\u00bb custom_padding=\u00a0\u00bb|||\u00a0\u00bb text_font_size_tablet=\u00a0\u00bb17px\u00a0\u00bb text_font_size_phone=\u00a0\u00bb16px\u00a0\u00bb text_font_size_last_edited=\u00a0\u00bbon|tablet\u00a0\u00bb saved_tabs=\u00a0\u00bball\u00a0\u00bb inline_fonts=\u00a0\u00bbAssistant\u00a0\u00bb global_colors_info=\u00a0\u00bb{}\u00a0\u00bb]Documentaires<br \/>\n[\/et_pb_text][et_pb_post_title meta=\u00a0\u00bboff\u00a0\u00bb featured_image=\u00a0\u00bboff\u00a0\u00bb admin_label=\u00a0\u00bbTitre du film (ne pas modifier, automatique)\u00a0\u00bb _builder_version=\u00a0\u00bb4.16&Prime; title_font=\u00a0\u00bbPlutoCond Medium|||on|||||\u00a0\u00bb title_font_size=\u00a0\u00bb42px\u00a0\u00bb custom_margin=\u00a0\u00bb-15px|||\u00a0\u00bb custom_padding=\u00a0\u00bb|||\u00a0\u00bb title_font_size_tablet=\u00a0\u00bb32px\u00a0\u00bb title_font_size_phone=\u00a0\u00bb24px\u00a0\u00bb title_font_size_last_edited=\u00a0\u00bbon|phone\u00a0\u00bb global_colors_info=\u00a0\u00bb{}\u00a0\u00bb][\/et_pb_post_title][et_pb_text admin_label=\u00a0\u00bbSous-titre\u00a0\u00bb _builder_version=\u00a0\u00bb4.16&Prime; text_font=\u00a0\u00bbOpen Sans|600|||||||\u00a0\u00bb text_text_color=\u00a0\u00bb#000000&Prime; custom_margin=\u00a0\u00bb-30px|||\u00a0\u00bb text_font_size_tablet=\u00a0\u00bb15px\u00a0\u00bb text_font_size_phone=\u00a0\u00bb14px\u00a0\u00bb text_font_size_last_edited=\u00a0\u00bbon|phone\u00a0\u00bb z_index_tablet=\u00a0\u00bb500&Prime; inline_fonts=\u00a0\u00bbAssistant\u00a0\u00bb global_colors_info=\u00a0\u00bb{}\u00a0\u00bb]Un documentaire de Marion Angelosanto &#8211; 52mn[\/et_pb_text][et_pb_video src=\u00a0\u00bbhttps:\/\/laclairiereproduction.com\/wp-content\/uploads\/2021\/01\/ba_la_fabrique_du_soin_h264-1080p.mp4&Prime; _builder_version=\u00a0\u00bb4.16&Prime; _module_preset=\u00a0\u00bbdefault\u00a0\u00bb global_colors_info=\u00a0\u00bb{}\u00a0\u00bb][\/et_pb_video][et_pb_image src=\u00a0\u00bbhttps:\/\/laclairiereproduction.com\/wp-content\/uploads\/2021\/01\/IMG_0892-scaled.jpeg\u00a0\u00bb alt=\u00a0\u00bbVOUS SEREZ PAR\u00c9S POUR LE VENT &#8211; LaClairi\u00e8re Production\u00a0\u00bb title_text=\u00a0\u00bbhopital public grand corps malade\u00a0\u00bb align_tablet=\u00a0\u00bbcenter\u00a0\u00bb align_phone=\u00a0\u00bb\u00a0\u00bb align_last_edited=\u00a0\u00bbon|desktop\u00a0\u00bb _builder_version=\u00a0\u00bb4.16&Prime; z_index_tablet=\u00a0\u00bb500&Prime; global_colors_info=\u00a0\u00bb{}\u00a0\u00bb disabled_on=\u00a0\u00bbon|on|on\u00a0\u00bb disabled=\u00a0\u00bbon\u00a0\u00bb][\/et_pb_image][et_pb_text admin_label=\u00a0\u00bbTexte\u00a0\u00bb _builder_version=\u00a0\u00bb4.16&Prime; text_font=\u00a0\u00bbOpen Sans||||||||\u00a0\u00bb custom_margin=\u00a0\u00bb-10px|||\u00a0\u00bb text_font_size_tablet=\u00a0\u00bb15px\u00a0\u00bb text_font_size_phone=\u00a0\u00bb14px\u00a0\u00bb text_font_size_last_edited=\u00a0\u00bbon|phone\u00a0\u00bb z_index_tablet=\u00a0\u00bb500&Prime; inline_fonts=\u00a0\u00bbAssistant\u00a0\u00bb global_colors_info=\u00a0\u00bb{}\u00a0\u00bb]En pleine tourmente sociale et politique, le CHU de Clermont- Ferrand nous ouvre grand ses portes.<br \/>\nTandis que le corps m\u00e9dical s\u2019y d\u00e9m\u00e8ne pour soigner avec humanit\u00e9 toujours plus de malades, la direction tente de jongler avec des injonctions contradictoires, entre \u00e9conomies et mission de service public.<br \/>\nLoin des passes d\u2019armes entre ces deux camps, des milliers de mains- d\u2019\u0153uvre travaillent \u00e0 nourrir, blanchir et loger les 2 000 patients qui y s\u00e9journent dans l\u2019espoir de gu\u00e9rir.<\/p>\n<p>Tourn\u00e9 comme un film choral, cette chronique au long cours tisse le r\u00e9cit d\u2019une soci\u00e9t\u00e9 au travail en proie aux turpitudes d\u2019une grande entreprise. Une com\u00e9die humaine o\u00f9 se conjuguent savoir-faire d\u2019excellence, d\u00e9cisions absurdes et lutte de classes.[\/et_pb_text][et_pb_text disabled_on=\u00a0\u00bboff|off|off\u00a0\u00bb admin_label=\u00a0\u00bbNotes en couleur (VERT #A4BF31)\u00a0\u00bb _builder_version=\u00a0\u00bb4.16&Prime; text_font=\u00a0\u00bbOpen Sans|600|||||||\u00a0\u00bb custom_margin=\u00a0\u00bb-10px|||\u00a0\u00bb text_font_size_tablet=\u00a0\u00bb15px\u00a0\u00bb text_font_size_phone=\u00a0\u00bb14px\u00a0\u00bb text_font_size_last_edited=\u00a0\u00bbon|phone\u00a0\u00bb z_index_tablet=\u00a0\u00bb500&Prime; saved_tabs=\u00a0\u00bball\u00a0\u00bb inline_fonts=\u00a0\u00bbAssistant\u00a0\u00bb global_colors_info=\u00a0\u00bb{}\u00a0\u00bb]Prix de la cat\u00e9gorie \u00ab\u00a0Autrement Vu\u00a0\u00bb du FIGRA 2022<\/p>\n<p>Avec le soutien du CNC, de la Procirep-Angoa, de la r\u00e9gion Auvergne Rh\u00f4ne-Alpes<br \/>\nEn coproduction avec Crestar Productions<br \/>\nDiffuseurs : France T\u00e9l\u00e9visions (Mai 2022), Public S\u00e9nat (Juillet 2022)[\/et_pb_text][\/et_pb_column][\/et_pb_row][et_pb_row _builder_version=\u00a0\u00bb4.16&Prime; _module_preset=\u00a0\u00bbdefault\u00a0\u00bb global_colors_info=\u00a0\u00bb{}\u00a0\u00bb disabled_on=\u00a0\u00bbon|on|on\u00a0\u00bb disabled=\u00a0\u00bbon\u00a0\u00bb][et_pb_column type=\u00a0\u00bb4_4&Prime; _builder_version=\u00a0\u00bb4.16&Prime; _module_preset=\u00a0\u00bbdefault\u00a0\u00bb global_colors_info=\u00a0\u00bb{}\u00a0\u00bb][\/et_pb_column][\/et_pb_row][\/et_pb_section]<\/p>\n","protected":false},"excerpt":{"rendered":"<p>A documentary by Marion Angelosanto<\/p>","protected":false},"author":2,"featured_media":3855,"comment_status":"open","ping_status":"closed","template":"","meta":{"_et_pb_use_builder":"on","_et_pb_old_content":"","_et_gb_content_width":"","footnotes":""},"project_category":[10],"project_tag":[268],"class_list":["post-3852","project","type-project","status-publish","has-post-thumbnail","hentry","project_category-documentaires","project_tag-au-catalogue"],"yoast_head":"<!-- This site is optimized with the Yoast SEO plugin v27.4 - https:\/\/yoast.com\/product\/yoast-seo-wordpress\/ -->\n<title>LA FABRIQUE DU SOIN - LaClairi\u00e8re Production<\/title>\n<meta name=\"description\" content=\"Un documentaire de Marion Angelosanto - 52 min\" \/>\n<meta name=\"robots\" content=\"index, follow, max-snippet:-1, max-image-preview:large, max-video-preview:-1\" \/>\n<link rel=\"canonical\" href=\"https:\/\/laclairiereproduction.com\/en\/la-fabrique-du-soin\/\" \/>\n<meta property=\"og:locale\" content=\"en_US\" \/>\n<meta property=\"og:type\" content=\"article\" \/>\n<meta property=\"og:title\" content=\"LA FABRIQUE DU SOIN - LaClairi\u00e8re Production\" \/>\n<meta property=\"og:description\" content=\"Un documentaire de Marion Angelosanto - 52 min\" \/>\n<meta property=\"og:url\" content=\"https:\/\/laclairiereproduction.com\/en\/la-fabrique-du-soin\/\" \/>\n<meta property=\"og:site_name\" content=\"LaClairi\u00e8re Production\" \/>\n<meta property=\"article:publisher\" content=\"https:\/\/www.facebook.com\/laclairiereproduction\/\" \/>\n<meta property=\"article:modified_time\" content=\"2024-04-03T15:02:02+00:00\" \/>\n<meta property=\"og:image\" content=\"https:\/\/laclairiereproduction.com\/wp-content\/uploads\/2021\/01\/IMG_0892-scaled.jpeg\" \/>\n\t<meta property=\"og:image:width\" content=\"2560\" \/>\n\t<meta property=\"og:image:height\" content=\"1440\" \/>\n\t<meta property=\"og:image:type\" content=\"image\/jpeg\" \/>\n<meta name=\"twitter:card\" content=\"summary_large_image\" \/>\n<meta name=\"twitter:site\" content=\"@LaClairiereProd\" \/>\n<meta name=\"twitter:label1\" content=\"Est. reading time\" \/>\n\t<meta name=\"twitter:data1\" content=\"2 minutes\" \/>\n<script type=\"application\/ld+json\" class=\"yoast-schema-graph\">{\"@context\":\"https:\\\/\\\/schema.org\",\"@graph\":[{\"@type\":\"WebPage\",\"@id\":\"https:\\\/\\\/laclairiereproduction.com\\\/la-fabrique-du-soin\\\/\",\"url\":\"https:\\\/\\\/laclairiereproduction.com\\\/la-fabrique-du-soin\\\/\",\"name\":\"LA FABRIQUE DU SOIN - LaClairi\u00e8re Production\",\"isPartOf\":{\"@id\":\"https:\\\/\\\/laclairiereproduction.com\\\/#website\"},\"primaryImageOfPage\":{\"@id\":\"https:\\\/\\\/laclairiereproduction.com\\\/la-fabrique-du-soin\\\/#primaryimage\"},\"image\":{\"@id\":\"https:\\\/\\\/laclairiereproduction.com\\\/la-fabrique-du-soin\\\/#primaryimage\"},\"thumbnailUrl\":\"https:\\\/\\\/laclairiereproduction.com\\\/wp-content\\\/uploads\\\/2021\\\/01\\\/IMG_0892-scaled.jpeg\",\"datePublished\":\"2021-01-15T16:49:36+00:00\",\"dateModified\":\"2024-04-03T15:02:02+00:00\",\"description\":\"Un documentaire de Marion Angelosanto - 52 min\",\"breadcrumb\":{\"@id\":\"https:\\\/\\\/laclairiereproduction.com\\\/la-fabrique-du-soin\\\/#breadcrumb\"},\"inLanguage\":\"en-US\",\"potentialAction\":[{\"@type\":\"ReadAction\",\"target\":[\"https:\\\/\\\/laclairiereproduction.com\\\/la-fabrique-du-soin\\\/\"]}]},{\"@type\":\"ImageObject\",\"inLanguage\":\"en-US\",\"@id\":\"https:\\\/\\\/laclairiereproduction.com\\\/la-fabrique-du-soin\\\/#primaryimage\",\"url\":\"https:\\\/\\\/laclairiereproduction.com\\\/wp-content\\\/uploads\\\/2021\\\/01\\\/IMG_0892-scaled.jpeg\",\"contentUrl\":\"https:\\\/\\\/laclairiereproduction.com\\\/wp-content\\\/uploads\\\/2021\\\/01\\\/IMG_0892-scaled.jpeg\",\"width\":2560,\"height\":1440,\"caption\":\"La Fabrique du soin - La Clairi\u00e8re Production\"},{\"@type\":\"BreadcrumbList\",\"@id\":\"https:\\\/\\\/laclairiereproduction.com\\\/la-fabrique-du-soin\\\/#breadcrumb\",\"itemListElement\":[{\"@type\":\"ListItem\",\"position\":1,\"name\":\"Accueil\",\"item\":\"https:\\\/\\\/laclairiereproduction.com\\\/\"},{\"@type\":\"ListItem\",\"position\":2,\"name\":\"Projets\",\"item\":\"https:\\\/\\\/laclairiereproduction.com\\\/project\\\/\"},{\"@type\":\"ListItem\",\"position\":3,\"name\":\"LA FABRIQUE DU SOIN\"}]},{\"@type\":\"WebSite\",\"@id\":\"https:\\\/\\\/laclairiereproduction.com\\\/#website\",\"url\":\"https:\\\/\\\/laclairiereproduction.com\\\/\",\"name\":\"LaClairi\u00e8re Production\",\"description\":\"\",\"publisher\":{\"@id\":\"https:\\\/\\\/laclairiereproduction.com\\\/#organization\"},\"potentialAction\":[{\"@type\":\"SearchAction\",\"target\":{\"@type\":\"EntryPoint\",\"urlTemplate\":\"https:\\\/\\\/laclairiereproduction.com\\\/?s={search_term_string}\"},\"query-input\":{\"@type\":\"PropertyValueSpecification\",\"valueRequired\":true,\"valueName\":\"search_term_string\"}}],\"inLanguage\":\"en-US\"},{\"@type\":\"Organization\",\"@id\":\"https:\\\/\\\/laclairiereproduction.com\\\/#organization\",\"name\":\"LaClairi\u00e8re Production\",\"url\":\"https:\\\/\\\/laclairiereproduction.com\\\/\",\"logo\":{\"@type\":\"ImageObject\",\"inLanguage\":\"en-US\",\"@id\":\"https:\\\/\\\/laclairiereproduction.com\\\/#\\\/schema\\\/logo\\\/image\\\/\",\"url\":\"https:\\\/\\\/laclairiereproduction.com\\\/wp-content\\\/uploads\\\/2018\\\/05\\\/logov1.gif\",\"contentUrl\":\"https:\\\/\\\/laclairiereproduction.com\\\/wp-content\\\/uploads\\\/2018\\\/05\\\/logov1.gif\",\"width\":220,\"height\":211,\"caption\":\"LaClairi\u00e8re Production\"},\"image\":{\"@id\":\"https:\\\/\\\/laclairiereproduction.com\\\/#\\\/schema\\\/logo\\\/image\\\/\"},\"sameAs\":[\"https:\\\/\\\/www.facebook.com\\\/laclairiereproduction\\\/\",\"https:\\\/\\\/x.com\\\/LaClairiereProd\"]}]}<\/script>\n<!-- \/ Yoast SEO plugin. -->","yoast_head_json":{"title":"LA FABRIQUE DU SOIN - LaClairi\u00e8re Production","description":"Un documentaire de Marion Angelosanto - 52 min","robots":{"index":"index","follow":"follow","max-snippet":"max-snippet:-1","max-image-preview":"max-image-preview:large","max-video-preview":"max-video-preview:-1"},"canonical":"https:\/\/laclairiereproduction.com\/en\/la-fabrique-du-soin\/","og_locale":"en_US","og_type":"article","og_title":"LA FABRIQUE DU SOIN - LaClairi\u00e8re Production","og_description":"Un documentaire de Marion Angelosanto - 52 min","og_url":"https:\/\/laclairiereproduction.com\/en\/la-fabrique-du-soin\/","og_site_name":"LaClairi\u00e8re Production","article_publisher":"https:\/\/www.facebook.com\/laclairiereproduction\/","article_modified_time":"2024-04-03T15:02:02+00:00","og_image":[{"width":2560,"height":1440,"url":"https:\/\/laclairiereproduction.com\/wp-content\/uploads\/2021\/01\/IMG_0892-scaled.jpeg","type":"image\/jpeg"}],"twitter_card":"summary_large_image","twitter_site":"@LaClairiereProd","twitter_misc":{"Est. reading time":"2 minutes"},"schema":{"@context":"https:\/\/schema.org","@graph":[{"@type":"WebPage","@id":"https:\/\/laclairiereproduction.com\/la-fabrique-du-soin\/","url":"https:\/\/laclairiereproduction.com\/la-fabrique-du-soin\/","name":"LA FABRIQUE DU SOIN - LaClairi\u00e8re Production","isPartOf":{"@id":"https:\/\/laclairiereproduction.com\/#website"},"primaryImageOfPage":{"@id":"https:\/\/laclairiereproduction.com\/la-fabrique-du-soin\/#primaryimage"},"image":{"@id":"https:\/\/laclairiereproduction.com\/la-fabrique-du-soin\/#primaryimage"},"thumbnailUrl":"https:\/\/laclairiereproduction.com\/wp-content\/uploads\/2021\/01\/IMG_0892-scaled.jpeg","datePublished":"2021-01-15T16:49:36+00:00","dateModified":"2024-04-03T15:02:02+00:00","description":"Un documentaire de Marion Angelosanto - 52 min","breadcrumb":{"@id":"https:\/\/laclairiereproduction.com\/la-fabrique-du-soin\/#breadcrumb"},"inLanguage":"en-US","potentialAction":[{"@type":"ReadAction","target":["https:\/\/laclairiereproduction.com\/la-fabrique-du-soin\/"]}]},{"@type":"ImageObject","inLanguage":"en-US","@id":"https:\/\/laclairiereproduction.com\/la-fabrique-du-soin\/#primaryimage","url":"https:\/\/laclairiereproduction.com\/wp-content\/uploads\/2021\/01\/IMG_0892-scaled.jpeg","contentUrl":"https:\/\/laclairiereproduction.com\/wp-content\/uploads\/2021\/01\/IMG_0892-scaled.jpeg","width":2560,"height":1440,"caption":"La Fabrique du soin - La Clairi\u00e8re Production"},{"@type":"BreadcrumbList","@id":"https:\/\/laclairiereproduction.com\/la-fabrique-du-soin\/#breadcrumb","itemListElement":[{"@type":"ListItem","position":1,"name":"Accueil","item":"https:\/\/laclairiereproduction.com\/"},{"@type":"ListItem","position":2,"name":"Projets","item":"https:\/\/laclairiereproduction.com\/project\/"},{"@type":"ListItem","position":3,"name":"LA FABRIQUE DU SOIN"}]},{"@type":"WebSite","@id":"https:\/\/laclairiereproduction.com\/#website","url":"https:\/\/laclairiereproduction.com\/","name":"LaClairi\u00e8re Production","description":"","publisher":{"@id":"https:\/\/laclairiereproduction.com\/#organization"},"potentialAction":[{"@type":"SearchAction","target":{"@type":"EntryPoint","urlTemplate":"https:\/\/laclairiereproduction.com\/?s={search_term_string}"},"query-input":{"@type":"PropertyValueSpecification","valueRequired":true,"valueName":"search_term_string"}}],"inLanguage":"en-US"},{"@type":"Organization","@id":"https:\/\/laclairiereproduction.com\/#organization","name":"LaClairi\u00e8re Production","url":"https:\/\/laclairiereproduction.com\/","logo":{"@type":"ImageObject","inLanguage":"en-US","@id":"https:\/\/laclairiereproduction.com\/#\/schema\/logo\/image\/","url":"https:\/\/laclairiereproduction.com\/wp-content\/uploads\/2018\/05\/logov1.gif","contentUrl":"https:\/\/laclairiereproduction.com\/wp-content\/uploads\/2018\/05\/logov1.gif","width":220,"height":211,"caption":"LaClairi\u00e8re Production"},"image":{"@id":"https:\/\/laclairiereproduction.com\/#\/schema\/logo\/image\/"},"sameAs":["https:\/\/www.facebook.com\/laclairiereproduction\/","https:\/\/x.com\/LaClairiereProd"]}]}},"_links":{"self":[{"href":"https:\/\/laclairiereproduction.com\/en\/wp-json\/wp\/v2\/project\/3852","targetHints":{"allow":["GET"]}}],"collection":[{"href":"https:\/\/laclairiereproduction.com\/en\/wp-json\/wp\/v2\/project"}],"about":[{"href":"https:\/\/laclairiereproduction.com\/en\/wp-json\/wp\/v2\/types\/project"}],"author":[{"embeddable":true,"href":"https:\/\/laclairiereproduction.com\/en\/wp-json\/wp\/v2\/users\/2"}],"replies":[{"embeddable":true,"href":"https:\/\/laclairiereproduction.com\/en\/wp-json\/wp\/v2\/comments?post=3852"}],"version-history":[{"count":4,"href":"https:\/\/laclairiereproduction.com\/en\/wp-json\/wp\/v2\/project\/3852\/revisions"}],"predecessor-version":[{"id":4575,"href":"https:\/\/laclairiereproduction.com\/en\/wp-json\/wp\/v2\/project\/3852\/revisions\/4575"}],"wp:featuredmedia":[{"embeddable":true,"href":"https:\/\/laclairiereproduction.com\/en\/wp-json\/wp\/v2\/media\/3855"}],"wp:attachment":[{"href":"https:\/\/laclairiereproduction.com\/en\/wp-json\/wp\/v2\/media?parent=3852"}],"wp:term":[{"taxonomy":"project_category","embeddable":true,"href":"https:\/\/laclairiereproduction.com\/en\/wp-json\/wp\/v2\/project_category?post=3852"},{"taxonomy":"project_tag","embeddable":true,"href":"https:\/\/laclairiereproduction.com\/en\/wp-json\/wp\/v2\/project_tag?post=3852"}],"curies":[{"name":"wp","href":"https:\/\/api.w.org\/{rel}","templated":true}]}}