{"id":443,"date":"2018-04-13T15:55:31","date_gmt":"2018-04-13T13:55:31","guid":{"rendered":"http:\/\/dev.laclairiereproduction.com\/site\/?post_type=project&#038;p=443"},"modified":"2024-03-28T08:05:52","modified_gmt":"2024-03-28T07:05:52","slug":"sarah-et-le-garcon","status":"publish","type":"project","link":"https:\/\/laclairiereproduction.com\/en\/sarah-et-le-garcon\/","title":{"rendered":"SARAH ET LE GAR\u00c7ON"},"content":{"rendered":"<p>[et_pb_section fb_built=\u00a0\u00bb1&Prime; _builder_version=\u00a0\u00bb4.6.1&Prime; _module_preset=\u00a0\u00bbdefault\u00a0\u00bb custom_padding=\u00a0\u00bb33px||17px|||\u00a0\u00bb saved_tabs=\u00a0\u00bball\u00a0\u00bb global_module=\u00a0\u00bb2791&Prime;][et_pb_row column_structure=\u00a0\u00bb1_4,1_2,1_4&Prime; _builder_version=\u00a0\u00bb4.6.1&Prime; _module_preset=\u00a0\u00bbdefault\u00a0\u00bb min_height=\u00a0\u00bb135px\u00a0\u00bb custom_margin=\u00a0\u00bb-40px|auto|-3px|auto|false|false\u00a0\u00bb custom_padding=\u00a0\u00bb||0px|||\u00a0\u00bb][et_pb_column type=\u00a0\u00bb1_4&Prime; _builder_version=\u00a0\u00bb4.6.1&Prime; _module_preset=\u00a0\u00bbdefault\u00a0\u00bb][et_pb_code admin_label=\u00a0\u00bbLOGO LCP\u00a0\u00bb _builder_version=\u00a0\u00bb4.6.1&Prime; _module_preset=\u00a0\u00bbdefault\u00a0\u00bb]<a href=\"https:\/\/laclairiereproduction.com\/\"><img loading=\"lazy\" decoding=\"async\" class=\"wp-image-870 alignleft\" src=\"https:\/\/laclairiereproduction.com\/wp-content\/uploads\/2018\/05\/logov1.gif\" alt=\"Logo LaClairi\u00e8re Production &#038; LaClairi\u00e8re Production Ouest\" width=\"140\" height=\"134\" \/><\/a>[\/et_pb_code][\/et_pb_column][et_pb_column type=\u00a0\u00bb1_2&Prime; _builder_version=\u00a0\u00bb4.6.1&Prime; _module_preset=\u00a0\u00bbdefault\u00a0\u00bb][et_pb_menu menu_id=\u00a0\u00bb260&Prime; active_link_color=\u00a0\u00bb#000000&Prime; logo_tablet=\u00a0\u00bb\u00a0\u00bb logo_phone=\u00a0\u00bb\u00a0\u00bb logo_last_edited=\u00a0\u00bbon|desktop\u00a0\u00bb admin_label=\u00a0\u00bbMenu header\u00a0\u00bb _builder_version=\u00a0\u00bb4.6.1&Prime; _module_preset=\u00a0\u00bbdefault\u00a0\u00bb menu_text_color=\u00a0\u00bb#000000&Prime; menu_font_size=\u00a0\u00bb15px\u00a0\u00bb min_height=\u00a0\u00bb52px\u00a0\u00bb custom_margin=\u00a0\u00bb|||-75px||\u00a0\u00bb custom_padding=\u00a0\u00bb55px||||false|false\u00a0\u00bb][\/et_pb_menu][\/et_pb_column][et_pb_column type=\u00a0\u00bb1_4&Prime; _builder_version=\u00a0\u00bb4.6.1&Prime; _module_preset=\u00a0\u00bbdefault\u00a0\u00bb][et_pb_button button_url=\u00a0\u00bb@ET-DC@eyJkeW5hbWljIjp0cnVlLCJjb250ZW50IjoicG9zdF9saW5rX3VybF9wYWdlIiwic2V0dGluZ3MiOnsicG9zdF9pZCI6IjE1MDYifX0=@\u00a0\u00bb button_text=\u00a0\u00bbBOUTIQUE DVD \/ VOD\u00a0\u00bb button_alignment=\u00a0\u00bbright\u00a0\u00bb admin_label=\u00a0\u00bbBouton Boutique\u00a0\u00bb _builder_version=\u00a0\u00bb4.6.1&Prime; _dynamic_attributes=\u00a0\u00bbbutton_url\u00a0\u00bb _module_preset=\u00a0\u00bbdefault\u00a0\u00bb custom_button=\u00a0\u00bbon\u00a0\u00bb button_text_size=\u00a0\u00bb15px\u00a0\u00bb button_text_color=\u00a0\u00bb#ffffff\u00a0\u00bb button_bg_color=\u00a0\u00bb#DB1503&Prime; button_border_radius=\u00a0\u00bb5px\u00a0\u00bb button_icon=\u00a0\u00bb%%242%%\u00a0\u00bb button_icon_color=\u00a0\u00bb#ffffff\u00a0\u00bb custom_margin=\u00a0\u00bb50px||||false|false\u00a0\u00bb][\/et_pb_button][\/et_pb_column][\/et_pb_row][\/et_pb_section][et_pb_section fb_built=\u00a0\u00bb1&Prime; _builder_version=\u00a0\u00bb3.22&Prime; custom_padding=\u00a0\u00bb40px|0px||0px\u00a0\u00bb][et_pb_row _builder_version=\u00a0\u00bb3.25&Prime; custom_padding=\u00a0\u00bb0|0px|27px|0px\u00a0\u00bb][et_pb_column type=\u00a0\u00bb4_4&Prime; _builder_version=\u00a0\u00bb3.25&Prime; custom_padding=\u00a0\u00bb|||\u00a0\u00bb custom_padding__hover=\u00a0\u00bb|||\u00a0\u00bb][et_pb_text admin_label=\u00a0\u00bbCat\u00e9gorie: Fictions\u00a0\u00bb _builder_version=\u00a0\u00bb3.27.4&Prime; text_font=\u00a0\u00bbOpen Sans|800||on|||||\u00a0\u00bb text_text_color=\u00a0\u00bb#f88002&Prime; text_font_size=\u00a0\u00bb18px\u00a0\u00bb custom_margin=\u00a0\u00bb5px|||\u00a0\u00bb custom_padding=\u00a0\u00bb|||\u00a0\u00bb text_font_size_tablet=\u00a0\u00bb17px\u00a0\u00bb text_font_size_phone=\u00a0\u00bb16px\u00a0\u00bb text_font_size_last_edited=\u00a0\u00bbon|tablet\u00a0\u00bb inline_fonts=\u00a0\u00bbAssistant\u00a0\u00bb]Fictions<br \/>\n[\/et_pb_text][et_pb_post_title meta=\u00a0\u00bboff\u00a0\u00bb featured_image=\u00a0\u00bboff\u00a0\u00bb admin_label=\u00a0\u00bbTitre du film (ne pas modifier, automatique)\u00a0\u00bb _builder_version=\u00a0\u00bb3.0.106&Prime; title_font=\u00a0\u00bbplutocondensedmedium|700||on|||||\u00a0\u00bb title_font_size=\u00a0\u00bb42px\u00a0\u00bb custom_margin=\u00a0\u00bb-15px|||\u00a0\u00bb custom_padding=\u00a0\u00bb|||\u00a0\u00bb title_font_size_tablet=\u00a0\u00bb32px\u00a0\u00bb title_font_size_phone=\u00a0\u00bb24px\u00a0\u00bb title_font_size_last_edited=\u00a0\u00bbon|phone\u00a0\u00bb][\/et_pb_post_title][et_pb_text admin_label=\u00a0\u00bbSous-titre\u00a0\u00bb _builder_version=\u00a0\u00bb3.27.4&Prime; text_font=\u00a0\u00bbOpen Sans|600|||||||\u00a0\u00bb text_text_color=\u00a0\u00bb#000000&Prime; custom_margin=\u00a0\u00bb-30px|||\u00a0\u00bb text_font_size_tablet=\u00a0\u00bb15px\u00a0\u00bb text_font_size_phone=\u00a0\u00bb14px\u00a0\u00bb text_font_size_last_edited=\u00a0\u00bbon|phone\u00a0\u00bb inline_fonts=\u00a0\u00bbAssistant\u00a0\u00bb]Un court m\u00e9trage de Diane Valsonne \u2013 9\u2019<br \/>\n[\/et_pb_text][et_pb_video src=\u00a0\u00bbhttps:\/\/vimeo.com\/54772468&Prime; _builder_version=\u00a0\u00bb3.0.106&Prime;][\/et_pb_video][et_pb_text _builder_version=\u00a0\u00bb3.27.4&Prime; text_font=\u00a0\u00bbOpen Sans||||||||\u00a0\u00bb custom_margin=\u00a0\u00bb-10px|||\u00a0\u00bb text_font_size_tablet=\u00a0\u00bb15px\u00a0\u00bb text_font_size_phone=\u00a0\u00bb14px\u00a0\u00bb text_font_size_last_edited=\u00a0\u00bbon|phone\u00a0\u00bb inline_fonts=\u00a0\u00bbAssistant\u00a0\u00bb]Comme l\u2019h\u00e9ro\u00efne du livre qu\u2019elle lit, Sarah r\u00eave sa vie sans la vivre. Dans un square de M\u00e9nilmontant, elle rencontre Ibrahim, un jeune gar\u00e7on dr\u00f4le et insolent qui dit ce qu\u2019il pense sans d\u00e9tour.<\/p>\n<p>Sarah va-t-elle accepter la rencontre ou pr\u00e9f\u00e9rer rester dans son monde imaginaire ?<\/p>\n<p>Musique originale \u00ab Un m\u00f4me \u00e0 Paname \u00bb.<br \/>\n[\/et_pb_text][et_pb_text disabled_on=\u00a0\u00bboff|off|off\u00a0\u00bb admin_label=\u00a0\u00bbNotes en couleur (ORANGE #f88002)\u00a0\u00bb _builder_version=\u00a0\u00bb3.27.4&Prime; text_font=\u00a0\u00bbOpen Sans|600|||||||\u00a0\u00bb custom_margin=\u00a0\u00bb-10px|||\u00a0\u00bb text_font_size_tablet=\u00a0\u00bb15px\u00a0\u00bb text_font_size_phone=\u00a0\u00bb14px\u00a0\u00bb text_font_size_last_edited=\u00a0\u00bbon|phone\u00a0\u00bb inline_fonts=\u00a0\u00bbAssistant\u00a0\u00bb]Selectionn\u00e9 au festival du premier court &#8211; Pontault-Combault (octobre 2013)<br \/>\n[\/et_pb_text][\/et_pb_column][\/et_pb_row][\/et_pb_section]<\/p>\n","protected":false},"excerpt":{"rendered":"<p>A short film by Diane Valsonne<\/p>","protected":false},"author":1,"featured_media":775,"comment_status":"closed","ping_status":"closed","template":"","meta":{"_et_pb_use_builder":"on","_et_pb_old_content":"[et_pb_section bb_built=\"1\"][et_pb_row][\/et_pb_row][\/et_pb_section]","_et_gb_content_width":"","footnotes":""},"project_category":[11],"project_tag":[268],"class_list":["post-443","project","type-project","status-publish","has-post-thumbnail","hentry","project_category-fictions","project_tag-au-catalogue"],"yoast_head":"<!-- This site is optimized with the Yoast SEO plugin v27.4 - https:\/\/yoast.com\/product\/yoast-seo-wordpress\/ -->\n<title>SARAH ET LE GAR\u00c7ON - LaClairi\u00e8re Production<\/title>\n<meta name=\"description\" content=\"Sarah et le gar\u00e7on, un court m\u00e9trage de Diane Valsonne (9).\u2019\" \/>\n<meta name=\"robots\" content=\"index, follow, max-snippet:-1, max-image-preview:large, max-video-preview:-1\" \/>\n<link rel=\"canonical\" href=\"https:\/\/laclairiereproduction.com\/en\/sarah-et-le-garcon\/\" \/>\n<meta property=\"og:locale\" content=\"en_US\" \/>\n<meta property=\"og:type\" content=\"article\" \/>\n<meta property=\"og:title\" content=\"SARAH ET LE GAR\u00c7ON - LaClairi\u00e8re Production\" \/>\n<meta property=\"og:description\" content=\"Sarah et le gar\u00e7on, un court m\u00e9trage de Diane Valsonne (9).\u2019\" \/>\n<meta property=\"og:url\" content=\"https:\/\/laclairiereproduction.com\/en\/sarah-et-le-garcon\/\" \/>\n<meta property=\"og:site_name\" content=\"LaClairi\u00e8re Production\" \/>\n<meta property=\"article:publisher\" content=\"https:\/\/www.facebook.com\/laclairiereproduction\/\" \/>\n<meta property=\"article:modified_time\" content=\"2024-03-28T07:05:52+00:00\" \/>\n<meta property=\"og:image\" content=\"https:\/\/laclairiereproduction.com\/wp-content\/uploads\/2018\/04\/SARAH-ET-LE-GARCON.jpg\" \/>\n\t<meta property=\"og:image:width\" content=\"1000\" \/>\n\t<meta property=\"og:image:height\" content=\"562\" \/>\n\t<meta property=\"og:image:type\" content=\"image\/jpeg\" \/>\n<meta name=\"twitter:card\" content=\"summary_large_image\" \/>\n<meta name=\"twitter:site\" content=\"@LaClairiereProd\" \/>\n<meta name=\"twitter:label1\" content=\"Est. reading time\" \/>\n\t<meta name=\"twitter:data1\" content=\"3 minutes\" \/>\n<script type=\"application\/ld+json\" class=\"yoast-schema-graph\">{\"@context\":\"https:\\\/\\\/schema.org\",\"@graph\":[{\"@type\":\"WebPage\",\"@id\":\"https:\\\/\\\/laclairiereproduction.com\\\/sarah-et-le-garcon\\\/\",\"url\":\"https:\\\/\\\/laclairiereproduction.com\\\/sarah-et-le-garcon\\\/\",\"name\":\"SARAH ET LE GAR\u00c7ON - LaClairi\u00e8re Production\",\"isPartOf\":{\"@id\":\"https:\\\/\\\/laclairiereproduction.com\\\/#website\"},\"primaryImageOfPage\":{\"@id\":\"https:\\\/\\\/laclairiereproduction.com\\\/sarah-et-le-garcon\\\/#primaryimage\"},\"image\":{\"@id\":\"https:\\\/\\\/laclairiereproduction.com\\\/sarah-et-le-garcon\\\/#primaryimage\"},\"thumbnailUrl\":\"https:\\\/\\\/laclairiereproduction.com\\\/wp-content\\\/uploads\\\/2018\\\/04\\\/SARAH-ET-LE-GARCON.jpg\",\"datePublished\":\"2018-04-13T13:55:31+00:00\",\"dateModified\":\"2024-03-28T07:05:52+00:00\",\"description\":\"Sarah et le gar\u00e7on, un court m\u00e9trage de Diane Valsonne (9).\u2019\",\"breadcrumb\":{\"@id\":\"https:\\\/\\\/laclairiereproduction.com\\\/sarah-et-le-garcon\\\/#breadcrumb\"},\"inLanguage\":\"en-US\",\"potentialAction\":[{\"@type\":\"ReadAction\",\"target\":[\"https:\\\/\\\/laclairiereproduction.com\\\/sarah-et-le-garcon\\\/\"]}]},{\"@type\":\"ImageObject\",\"inLanguage\":\"en-US\",\"@id\":\"https:\\\/\\\/laclairiereproduction.com\\\/sarah-et-le-garcon\\\/#primaryimage\",\"url\":\"https:\\\/\\\/laclairiereproduction.com\\\/wp-content\\\/uploads\\\/2018\\\/04\\\/SARAH-ET-LE-GARCON.jpg\",\"contentUrl\":\"https:\\\/\\\/laclairiereproduction.com\\\/wp-content\\\/uploads\\\/2018\\\/04\\\/SARAH-ET-LE-GARCON.jpg\",\"width\":1000,\"height\":562,\"caption\":\"SARAH ET LE GAR\u00c7ON - La Clairi\u00e8re Production\"},{\"@type\":\"BreadcrumbList\",\"@id\":\"https:\\\/\\\/laclairiereproduction.com\\\/sarah-et-le-garcon\\\/#breadcrumb\",\"itemListElement\":[{\"@type\":\"ListItem\",\"position\":1,\"name\":\"Accueil\",\"item\":\"https:\\\/\\\/laclairiereproduction.com\\\/\"},{\"@type\":\"ListItem\",\"position\":2,\"name\":\"Projets\",\"item\":\"https:\\\/\\\/laclairiereproduction.com\\\/project\\\/\"},{\"@type\":\"ListItem\",\"position\":3,\"name\":\"SARAH ET LE GAR\u00c7ON\"}]},{\"@type\":\"WebSite\",\"@id\":\"https:\\\/\\\/laclairiereproduction.com\\\/#website\",\"url\":\"https:\\\/\\\/laclairiereproduction.com\\\/\",\"name\":\"LaClairi\u00e8re Production\",\"description\":\"\",\"publisher\":{\"@id\":\"https:\\\/\\\/laclairiereproduction.com\\\/#organization\"},\"potentialAction\":[{\"@type\":\"SearchAction\",\"target\":{\"@type\":\"EntryPoint\",\"urlTemplate\":\"https:\\\/\\\/laclairiereproduction.com\\\/?s={search_term_string}\"},\"query-input\":{\"@type\":\"PropertyValueSpecification\",\"valueRequired\":true,\"valueName\":\"search_term_string\"}}],\"inLanguage\":\"en-US\"},{\"@type\":\"Organization\",\"@id\":\"https:\\\/\\\/laclairiereproduction.com\\\/#organization\",\"name\":\"LaClairi\u00e8re Production\",\"url\":\"https:\\\/\\\/laclairiereproduction.com\\\/\",\"logo\":{\"@type\":\"ImageObject\",\"inLanguage\":\"en-US\",\"@id\":\"https:\\\/\\\/laclairiereproduction.com\\\/#\\\/schema\\\/logo\\\/image\\\/\",\"url\":\"https:\\\/\\\/laclairiereproduction.com\\\/wp-content\\\/uploads\\\/2018\\\/05\\\/logov1.gif\",\"contentUrl\":\"https:\\\/\\\/laclairiereproduction.com\\\/wp-content\\\/uploads\\\/2018\\\/05\\\/logov1.gif\",\"width\":220,\"height\":211,\"caption\":\"LaClairi\u00e8re Production\"},\"image\":{\"@id\":\"https:\\\/\\\/laclairiereproduction.com\\\/#\\\/schema\\\/logo\\\/image\\\/\"},\"sameAs\":[\"https:\\\/\\\/www.facebook.com\\\/laclairiereproduction\\\/\",\"https:\\\/\\\/x.com\\\/LaClairiereProd\"]}]}<\/script>\n<!-- \/ Yoast SEO plugin. -->","yoast_head_json":{"title":"SARAH ET LE GAR\u00c7ON - LaClairi\u00e8re Production","description":"Sarah et le gar\u00e7on, un court m\u00e9trage de Diane Valsonne (9).\u2019","robots":{"index":"index","follow":"follow","max-snippet":"max-snippet:-1","max-image-preview":"max-image-preview:large","max-video-preview":"max-video-preview:-1"},"canonical":"https:\/\/laclairiereproduction.com\/en\/sarah-et-le-garcon\/","og_locale":"en_US","og_type":"article","og_title":"SARAH ET LE GAR\u00c7ON - LaClairi\u00e8re Production","og_description":"Sarah et le gar\u00e7on, un court m\u00e9trage de Diane Valsonne (9).\u2019","og_url":"https:\/\/laclairiereproduction.com\/en\/sarah-et-le-garcon\/","og_site_name":"LaClairi\u00e8re Production","article_publisher":"https:\/\/www.facebook.com\/laclairiereproduction\/","article_modified_time":"2024-03-28T07:05:52+00:00","og_image":[{"width":1000,"height":562,"url":"https:\/\/laclairiereproduction.com\/wp-content\/uploads\/2018\/04\/SARAH-ET-LE-GARCON.jpg","type":"image\/jpeg"}],"twitter_card":"summary_large_image","twitter_site":"@LaClairiereProd","twitter_misc":{"Est. reading time":"3 minutes"},"schema":{"@context":"https:\/\/schema.org","@graph":[{"@type":"WebPage","@id":"https:\/\/laclairiereproduction.com\/sarah-et-le-garcon\/","url":"https:\/\/laclairiereproduction.com\/sarah-et-le-garcon\/","name":"SARAH ET LE GAR\u00c7ON - LaClairi\u00e8re Production","isPartOf":{"@id":"https:\/\/laclairiereproduction.com\/#website"},"primaryImageOfPage":{"@id":"https:\/\/laclairiereproduction.com\/sarah-et-le-garcon\/#primaryimage"},"image":{"@id":"https:\/\/laclairiereproduction.com\/sarah-et-le-garcon\/#primaryimage"},"thumbnailUrl":"https:\/\/laclairiereproduction.com\/wp-content\/uploads\/2018\/04\/SARAH-ET-LE-GARCON.jpg","datePublished":"2018-04-13T13:55:31+00:00","dateModified":"2024-03-28T07:05:52+00:00","description":"Sarah et le gar\u00e7on, un court m\u00e9trage de Diane Valsonne (9).\u2019","breadcrumb":{"@id":"https:\/\/laclairiereproduction.com\/sarah-et-le-garcon\/#breadcrumb"},"inLanguage":"en-US","potentialAction":[{"@type":"ReadAction","target":["https:\/\/laclairiereproduction.com\/sarah-et-le-garcon\/"]}]},{"@type":"ImageObject","inLanguage":"en-US","@id":"https:\/\/laclairiereproduction.com\/sarah-et-le-garcon\/#primaryimage","url":"https:\/\/laclairiereproduction.com\/wp-content\/uploads\/2018\/04\/SARAH-ET-LE-GARCON.jpg","contentUrl":"https:\/\/laclairiereproduction.com\/wp-content\/uploads\/2018\/04\/SARAH-ET-LE-GARCON.jpg","width":1000,"height":562,"caption":"SARAH ET LE GAR\u00c7ON - La Clairi\u00e8re Production"},{"@type":"BreadcrumbList","@id":"https:\/\/laclairiereproduction.com\/sarah-et-le-garcon\/#breadcrumb","itemListElement":[{"@type":"ListItem","position":1,"name":"Accueil","item":"https:\/\/laclairiereproduction.com\/"},{"@type":"ListItem","position":2,"name":"Projets","item":"https:\/\/laclairiereproduction.com\/project\/"},{"@type":"ListItem","position":3,"name":"SARAH ET LE GAR\u00c7ON"}]},{"@type":"WebSite","@id":"https:\/\/laclairiereproduction.com\/#website","url":"https:\/\/laclairiereproduction.com\/","name":"LaClairi\u00e8re Production","description":"","publisher":{"@id":"https:\/\/laclairiereproduction.com\/#organization"},"potentialAction":[{"@type":"SearchAction","target":{"@type":"EntryPoint","urlTemplate":"https:\/\/laclairiereproduction.com\/?s={search_term_string}"},"query-input":{"@type":"PropertyValueSpecification","valueRequired":true,"valueName":"search_term_string"}}],"inLanguage":"en-US"},{"@type":"Organization","@id":"https:\/\/laclairiereproduction.com\/#organization","name":"LaClairi\u00e8re Production","url":"https:\/\/laclairiereproduction.com\/","logo":{"@type":"ImageObject","inLanguage":"en-US","@id":"https:\/\/laclairiereproduction.com\/#\/schema\/logo\/image\/","url":"https:\/\/laclairiereproduction.com\/wp-content\/uploads\/2018\/05\/logov1.gif","contentUrl":"https:\/\/laclairiereproduction.com\/wp-content\/uploads\/2018\/05\/logov1.gif","width":220,"height":211,"caption":"LaClairi\u00e8re Production"},"image":{"@id":"https:\/\/laclairiereproduction.com\/#\/schema\/logo\/image\/"},"sameAs":["https:\/\/www.facebook.com\/laclairiereproduction\/","https:\/\/x.com\/LaClairiereProd"]}]}},"_links":{"self":[{"href":"https:\/\/laclairiereproduction.com\/en\/wp-json\/wp\/v2\/project\/443","targetHints":{"allow":["GET"]}}],"collection":[{"href":"https:\/\/laclairiereproduction.com\/en\/wp-json\/wp\/v2\/project"}],"about":[{"href":"https:\/\/laclairiereproduction.com\/en\/wp-json\/wp\/v2\/types\/project"}],"author":[{"embeddable":true,"href":"https:\/\/laclairiereproduction.com\/en\/wp-json\/wp\/v2\/users\/1"}],"replies":[{"embeddable":true,"href":"https:\/\/laclairiereproduction.com\/en\/wp-json\/wp\/v2\/comments?post=443"}],"version-history":[{"count":3,"href":"https:\/\/laclairiereproduction.com\/en\/wp-json\/wp\/v2\/project\/443\/revisions"}],"predecessor-version":[{"id":3030,"href":"https:\/\/laclairiereproduction.com\/en\/wp-json\/wp\/v2\/project\/443\/revisions\/3030"}],"wp:featuredmedia":[{"embeddable":true,"href":"https:\/\/laclairiereproduction.com\/en\/wp-json\/wp\/v2\/media\/775"}],"wp:attachment":[{"href":"https:\/\/laclairiereproduction.com\/en\/wp-json\/wp\/v2\/media?parent=443"}],"wp:term":[{"taxonomy":"project_category","embeddable":true,"href":"https:\/\/laclairiereproduction.com\/en\/wp-json\/wp\/v2\/project_category?post=443"},{"taxonomy":"project_tag","embeddable":true,"href":"https:\/\/laclairiereproduction.com\/en\/wp-json\/wp\/v2\/project_tag?post=443"}],"curies":[{"name":"wp","href":"https:\/\/api.w.org\/{rel}","templated":true}]}}