{"id":844,"date":"2018-04-11T16:35:45","date_gmt":"2018-04-11T14:35:45","guid":{"rendered":"http:\/\/dev.laclairiereproduction.com\/site\/?post_type=project&#038;p=844"},"modified":"2024-04-03T17:12:48","modified_gmt":"2024-04-03T15:12:48","slug":"pour-de-vrai-pour-de-faux","status":"publish","type":"project","link":"https:\/\/laclairiereproduction.com\/en\/pour-de-vrai-pour-de-faux\/","title":{"rendered":"POUR DE VRAI POUR DE FAUX"},"content":{"rendered":"<p>[et_pb_section fb_built=\u00a0\u00bb1&Prime; _builder_version=\u00a0\u00bb4.16&Prime; custom_padding=\u00a0\u00bb40px|0px||0px\u00a0\u00bb global_colors_info=\u00a0\u00bb{}\u00a0\u00bb][et_pb_row _builder_version=\u00a0\u00bb4.16&Prime; custom_padding=\u00a0\u00bb0|0px|27px|0px\u00a0\u00bb global_colors_info=\u00a0\u00bb{}\u00a0\u00bb][et_pb_column type=\u00a0\u00bb4_4&Prime; _builder_version=\u00a0\u00bb4.16&Prime; custom_padding=\u00a0\u00bb|||\u00a0\u00bb global_colors_info=\u00a0\u00bb{}\u00a0\u00bb custom_padding__hover=\u00a0\u00bb|||\u00a0\u00bb][et_pb_text admin_label=\u00a0\u00bbCat\u00e9gorie: Documentaires\u00a0\u00bb _builder_version=\u00a0\u00bb4.16&Prime; text_font=\u00a0\u00bbOpen Sans|800||on|||||\u00a0\u00bb text_text_color=\u00a0\u00bb#a4bf31&Prime; text_font_size=\u00a0\u00bb18px\u00a0\u00bb custom_margin=\u00a0\u00bb5px|||\u00a0\u00bb custom_padding=\u00a0\u00bb|||\u00a0\u00bb text_font_size_tablet=\u00a0\u00bb17px\u00a0\u00bb text_font_size_phone=\u00a0\u00bb16px\u00a0\u00bb text_font_size_last_edited=\u00a0\u00bbon|tablet\u00a0\u00bb saved_tabs=\u00a0\u00bball\u00a0\u00bb inline_fonts=\u00a0\u00bbAssistant\u00a0\u00bb global_colors_info=\u00a0\u00bb{}\u00a0\u00bb]Documentaires<br \/>\n[\/et_pb_text][et_pb_post_title meta=\u00a0\u00bboff\u00a0\u00bb featured_image=\u00a0\u00bboff\u00a0\u00bb admin_label=\u00a0\u00bbTitre du film (ne pas modifier, automatique)\u00a0\u00bb _builder_version=\u00a0\u00bb4.16&Prime; title_font=\u00a0\u00bbMaven Pro|700||on|||||\u00a0\u00bb title_font_size=\u00a0\u00bb42px\u00a0\u00bb custom_margin=\u00a0\u00bb-15px|||\u00a0\u00bb custom_padding=\u00a0\u00bb|||\u00a0\u00bb title_font_size_tablet=\u00a0\u00bb32px\u00a0\u00bb title_font_size_phone=\u00a0\u00bb24px\u00a0\u00bb title_font_size_last_edited=\u00a0\u00bbon|phone\u00a0\u00bb global_colors_info=\u00a0\u00bb{}\u00a0\u00bb][\/et_pb_post_title][et_pb_text admin_label=\u00a0\u00bbSous-titre\u00a0\u00bb _builder_version=\u00a0\u00bb4.16&Prime; text_font=\u00a0\u00bbOpen Sans|600|||||||\u00a0\u00bb text_text_color=\u00a0\u00bb#000000&Prime; custom_margin=\u00a0\u00bb-30px|||\u00a0\u00bb text_font_size_tablet=\u00a0\u00bb15px\u00a0\u00bb text_font_size_phone=\u00a0\u00bb14px\u00a0\u00bb text_font_size_last_edited=\u00a0\u00bbon|phone\u00a0\u00bb inline_fonts=\u00a0\u00bbAssistant\u00a0\u00bb global_colors_info=\u00a0\u00bb{}\u00a0\u00bb]Un documentaire de Laurent Chevallier \u2013 70\u2019<br \/>\n[\/et_pb_text][et_pb_video src=\u00a0\u00bbhttps:\/\/www.youtube.com\/watch?v=ydsrL7F9kPs\u00a0\u00bb disabled_on=\u00a0\u00bboff|off|off\u00a0\u00bb admin_label=\u00a0\u00bbPlayer Vid\u00e9o\u00a0\u00bb _builder_version=\u00a0\u00bb4.16&Prime; global_colors_info=\u00a0\u00bb{}\u00a0\u00bb][\/et_pb_video][et_pb_text _builder_version=\u00a0\u00bb4.16&Prime; text_font=\u00a0\u00bbOpen Sans||||||||\u00a0\u00bb custom_margin=\u00a0\u00bb-10px|||\u00a0\u00bb text_font_size_tablet=\u00a0\u00bb15px\u00a0\u00bb text_font_size_phone=\u00a0\u00bb14px\u00a0\u00bb text_font_size_last_edited=\u00a0\u00bbon|phone\u00a0\u00bb inline_fonts=\u00a0\u00bbAssistant\u00a0\u00bb global_colors_info=\u00a0\u00bb{}\u00a0\u00bb]Centre de loisirs Garibaldi de Montreuil. Cette ann\u00e9e, dans la ville du c\u00e9l\u00e8bre Georges M\u00e9li\u00e8s, le directeur du centre et quelques-uns des animateurs ont d\u00e9cid\u00e9 de faire d\u00e9couvrir aux enfants, comment on fait du cin\u00e9ma.<\/p>\n<p>Tous les mercredis, des professionnels viennent leur parler de l\u2019histoire du documentaire, de la fiction, du cadrage, des effets sp\u00e9ciaux, du sc\u00e9nario&#8230;<\/p>\n<p>\u00ab Les fr\u00e8res Lumi\u00e8re, c\u2019\u00e9tait des vrais fr\u00e8res ? Ils meurent vraiment les acteurs ? \u00bb.<br \/>\nLeur int\u00e9r\u00eat n\u2019a d\u2019\u00e9gal que leur distraction : chaque intervention soul\u00e8ve de nombreuses questions mais aussi beaucoup d\u2019agitation&#8230; et il faut parfois une bonne dose de savoir-faire aux animateurs pour canaliser cette \u00e9nergie.<\/p>\n<p>Pourtant, \u00e0 mesure que l\u2019ann\u00e9e avance, un petit groupe d\u2019enfants particuli\u00e8rement int\u00e9ress\u00e9s se constitue. Devant leur fascination, les encadrants d\u00e9cident de prolonger l\u2019exp\u00e9rience, en leur faisant r\u00e9aliser leur propre court-m\u00e9trage. A\u00efssam, J\u00e9r\u00e9my, Pablo ou encore Thomas se lancent avec passion dans l\u2019aventure.<\/p>\n<p>Le film raconte au jour le jour l\u2019histoire de cette d\u00e9couverte et l\u2019histoire de cette cr\u00e9ation. Tandis que se dessinent les portraits des jeunes protagonistes, le film convie le spectateur en enfance : celle du petit groupe de Garibaldi, mais aussi la sienne. Comme si red\u00e9couvrir le cin\u00e9ma avec eux nous ramenait in\u00e9vitablement \u00e0 notre propre \u00e9merveillement d\u2019enfant face au grand \u00e9cran.<br \/>\n[\/et_pb_text][et_pb_text admin_label=\u00a0\u00bbNotes en couleur (VERT #A4BF31)\u00a0\u00bb _builder_version=\u00a0\u00bb4.16&Prime; text_font=\u00a0\u00bbOpen Sans|600|||||||\u00a0\u00bb custom_margin=\u00a0\u00bb-10px|||\u00a0\u00bb text_font_size_tablet=\u00a0\u00bb15px\u00a0\u00bb text_font_size_phone=\u00a0\u00bb14px\u00a0\u00bb text_font_size_last_edited=\u00a0\u00bbon|phone\u00a0\u00bb saved_tabs=\u00a0\u00bball\u00a0\u00bb inline_fonts=\u00a0\u00bbAssistant\u00a0\u00bb global_colors_info=\u00a0\u00bb{}\u00a0\u00bb]Une production La Maison du directeur \/ Cinaps TV<br \/>\nAvec le soutien du CNC et du fonds image de la diversit\u00e9<br \/>\n[\/et_pb_text][et_pb_divider color=\u00a0\u00bb#a4bf31&Prime; divider_position=\u00a0\u00bbcenter\u00a0\u00bb admin_label=\u00a0\u00bbS\u00e9parateur Couleur 2\/3 droite\u00a0\u00bb _builder_version=\u00a0\u00bb4.16&Prime; height=\u00a0\u00bb16px\u00a0\u00bb saved_tabs=\u00a0\u00bball\u00a0\u00bb global_colors_info=\u00a0\u00bb{}\u00a0\u00bb][\/et_pb_divider][\/et_pb_column][\/et_pb_row][et_pb_row column_structure=\u00a0\u00bb1_4,1_4,1_4,1_4&Prime; use_custom_gutter=\u00a0\u00bbon\u00a0\u00bb gutter_width=\u00a0\u00bb2&Prime; _builder_version=\u00a0\u00bb4.16&Prime; background_size=\u00a0\u00bbinitial\u00a0\u00bb background_position=\u00a0\u00bbtop_left\u00a0\u00bb background_repeat=\u00a0\u00bbrepeat\u00a0\u00bb custom_padding=\u00a0\u00bb|-5px||\u00a0\u00bb global_colors_info=\u00a0\u00bb{}\u00a0\u00bb disabled_on=\u00a0\u00bbon|on|on\u00a0\u00bb disabled=\u00a0\u00bbon\u00a0\u00bb][et_pb_column type=\u00a0\u00bb1_4&Prime; _builder_version=\u00a0\u00bb4.16&Prime; custom_padding=\u00a0\u00bb|||\u00a0\u00bb global_colors_info=\u00a0\u00bb{}\u00a0\u00bb custom_padding__hover=\u00a0\u00bb|||\u00a0\u00bb][\/et_pb_column][et_pb_column type=\u00a0\u00bb1_4&Prime; _builder_version=\u00a0\u00bb4.16&Prime; custom_padding=\u00a0\u00bb|||\u00a0\u00bb global_colors_info=\u00a0\u00bb{}\u00a0\u00bb custom_padding__hover=\u00a0\u00bb|||\u00a0\u00bb][\/et_pb_column][et_pb_column type=\u00a0\u00bb1_4&Prime; _builder_version=\u00a0\u00bb4.16&Prime; custom_padding=\u00a0\u00bb|||\u00a0\u00bb global_colors_info=\u00a0\u00bb{}\u00a0\u00bb custom_padding__hover=\u00a0\u00bb|||\u00a0\u00bb][et_pb_button button_url=\u00a0\u00bb\/dvd-pour-de-vrai-pour-de-faux\/\u00a0\u00bb button_text=\u00a0\u00bbDISPONIBLE EN DVD | 12\u20ac\u00a0\u00bb button_alignment=\u00a0\u00bbcenter\u00a0\u00bb admin_label=\u00a0\u00bbBouton DVD\u00a0\u00bb _builder_version=\u00a0\u00bb4.16&Prime; custom_button=\u00a0\u00bbon\u00a0\u00bb button_text_size=\u00a0\u00bb15px\u00a0\u00bb button_text_color=\u00a0\u00bb#a4bf31&Prime; button_bg_color=\u00a0\u00bb#ffffff\u00a0\u00bb button_border_width=\u00a0\u00bb2px\u00a0\u00bb button_border_color=\u00a0\u00bb#a4bf31&Prime; button_font=\u00a0\u00bbPlutoCond Medium||||||||\u00a0\u00bb button_use_icon=\u00a0\u00bboff\u00a0\u00bb custom_margin=\u00a0\u00bb43px||\u00a0\u00bb custom_padding=\u00a0\u00bb|8px||8px\u00a0\u00bb button_text_size_tablet=\u00a0\u00bb13&Prime; button_text_size_phone=\u00a0\u00bb12&Prime; button_text_size_last_edited=\u00a0\u00bbon|desktop\u00a0\u00bb global_colors_info=\u00a0\u00bb{}\u00a0\u00bb][\/et_pb_button][\/et_pb_column][et_pb_column type=\u00a0\u00bb1_4&Prime; _builder_version=\u00a0\u00bb4.16&Prime; custom_padding=\u00a0\u00bb|||\u00a0\u00bb global_colors_info=\u00a0\u00bb{}\u00a0\u00bb custom_padding__hover=\u00a0\u00bb|||\u00a0\u00bb][\/et_pb_column][\/et_pb_row][\/et_pb_section]<\/p>\n","protected":false},"excerpt":{"rendered":"<p>A documentary by Laurent Chevallier<\/p>","protected":false},"author":1,"featured_media":846,"comment_status":"closed","ping_status":"closed","template":"","meta":{"_et_pb_use_builder":"on","_et_pb_old_content":"[et_pb_section bb_built=\"1\"][et_pb_row][\/et_pb_row][\/et_pb_section]","_et_gb_content_width":"","footnotes":""},"project_category":[10],"project_tag":[268],"class_list":["post-844","project","type-project","status-publish","has-post-thumbnail","hentry","project_category-documentaires","project_tag-au-catalogue"],"yoast_head":"<!-- This site is optimized with the Yoast SEO plugin v27.4 - https:\/\/yoast.com\/product\/yoast-seo-wordpress\/ -->\n<title>POUR DE VRAI POUR DE FAUX - LaClairi\u00e8re Production<\/title>\n<meta name=\"description\" content=\"Cette ann\u00e9e, le directeur et les animateurs du Centre de loisirs Garibaldi de Montreuil ont d\u00e9cid\u00e9 de faire d\u00e9couvrir aux enfants comment on fait du cin\u00e9ma.\" \/>\n<meta name=\"robots\" content=\"index, follow, max-snippet:-1, max-image-preview:large, max-video-preview:-1\" \/>\n<link rel=\"canonical\" href=\"https:\/\/laclairiereproduction.com\/en\/pour-de-vrai-pour-de-faux\/\" \/>\n<meta property=\"og:locale\" content=\"en_US\" \/>\n<meta property=\"og:type\" content=\"article\" \/>\n<meta property=\"og:title\" content=\"POUR DE VRAI POUR DE FAUX - LaClairi\u00e8re Production\" \/>\n<meta property=\"og:description\" content=\"Cette ann\u00e9e, le directeur et les animateurs du Centre de loisirs Garibaldi de Montreuil ont d\u00e9cid\u00e9 de faire d\u00e9couvrir aux enfants comment on fait du cin\u00e9ma.\" \/>\n<meta property=\"og:url\" content=\"https:\/\/laclairiereproduction.com\/en\/pour-de-vrai-pour-de-faux\/\" \/>\n<meta property=\"og:site_name\" content=\"LaClairi\u00e8re Production\" \/>\n<meta property=\"article:publisher\" content=\"https:\/\/www.facebook.com\/laclairiereproduction\/\" \/>\n<meta property=\"article:modified_time\" content=\"2024-04-03T15:12:48+00:00\" \/>\n<meta property=\"og:image\" content=\"https:\/\/laclairiereproduction.com\/wp-content\/uploads\/2018\/02\/POUR-DE-VRAI-POUR-DE-FAUX.jpg\" \/>\n\t<meta property=\"og:image:width\" content=\"1000\" \/>\n\t<meta property=\"og:image:height\" content=\"562\" \/>\n\t<meta property=\"og:image:type\" content=\"image\/jpeg\" \/>\n<meta name=\"twitter:card\" content=\"summary_large_image\" \/>\n<meta name=\"twitter:site\" content=\"@LaClairiereProd\" \/>\n<meta name=\"twitter:label1\" content=\"Est. reading time\" \/>\n\t<meta name=\"twitter:data1\" content=\"2 minutes\" \/>\n<script type=\"application\/ld+json\" class=\"yoast-schema-graph\">{\"@context\":\"https:\\\/\\\/schema.org\",\"@graph\":[{\"@type\":\"WebPage\",\"@id\":\"https:\\\/\\\/laclairiereproduction.com\\\/pour-de-vrai-pour-de-faux\\\/\",\"url\":\"https:\\\/\\\/laclairiereproduction.com\\\/pour-de-vrai-pour-de-faux\\\/\",\"name\":\"POUR DE VRAI POUR DE FAUX - LaClairi\u00e8re Production\",\"isPartOf\":{\"@id\":\"https:\\\/\\\/laclairiereproduction.com\\\/#website\"},\"primaryImageOfPage\":{\"@id\":\"https:\\\/\\\/laclairiereproduction.com\\\/pour-de-vrai-pour-de-faux\\\/#primaryimage\"},\"image\":{\"@id\":\"https:\\\/\\\/laclairiereproduction.com\\\/pour-de-vrai-pour-de-faux\\\/#primaryimage\"},\"thumbnailUrl\":\"https:\\\/\\\/laclairiereproduction.com\\\/wp-content\\\/uploads\\\/2018\\\/02\\\/POUR-DE-VRAI-POUR-DE-FAUX.jpg\",\"datePublished\":\"2018-04-11T14:35:45+00:00\",\"dateModified\":\"2024-04-03T15:12:48+00:00\",\"description\":\"Cette ann\u00e9e, le directeur et les animateurs du Centre de loisirs Garibaldi de Montreuil ont d\u00e9cid\u00e9 de faire d\u00e9couvrir aux enfants comment on fait du cin\u00e9ma.\",\"breadcrumb\":{\"@id\":\"https:\\\/\\\/laclairiereproduction.com\\\/pour-de-vrai-pour-de-faux\\\/#breadcrumb\"},\"inLanguage\":\"en-US\",\"potentialAction\":[{\"@type\":\"ReadAction\",\"target\":[\"https:\\\/\\\/laclairiereproduction.com\\\/pour-de-vrai-pour-de-faux\\\/\"]}]},{\"@type\":\"ImageObject\",\"inLanguage\":\"en-US\",\"@id\":\"https:\\\/\\\/laclairiereproduction.com\\\/pour-de-vrai-pour-de-faux\\\/#primaryimage\",\"url\":\"https:\\\/\\\/laclairiereproduction.com\\\/wp-content\\\/uploads\\\/2018\\\/02\\\/POUR-DE-VRAI-POUR-DE-FAUX.jpg\",\"contentUrl\":\"https:\\\/\\\/laclairiereproduction.com\\\/wp-content\\\/uploads\\\/2018\\\/02\\\/POUR-DE-VRAI-POUR-DE-FAUX.jpg\",\"width\":1000,\"height\":562,\"caption\":\"POUR DE VRAI POUR DE FAUX - LaClairi\u00e8re Production Ouest\"},{\"@type\":\"BreadcrumbList\",\"@id\":\"https:\\\/\\\/laclairiereproduction.com\\\/pour-de-vrai-pour-de-faux\\\/#breadcrumb\",\"itemListElement\":[{\"@type\":\"ListItem\",\"position\":1,\"name\":\"Accueil\",\"item\":\"https:\\\/\\\/laclairiereproduction.com\\\/\"},{\"@type\":\"ListItem\",\"position\":2,\"name\":\"Projets\",\"item\":\"https:\\\/\\\/laclairiereproduction.com\\\/project\\\/\"},{\"@type\":\"ListItem\",\"position\":3,\"name\":\"POUR DE VRAI POUR DE FAUX\"}]},{\"@type\":\"WebSite\",\"@id\":\"https:\\\/\\\/laclairiereproduction.com\\\/#website\",\"url\":\"https:\\\/\\\/laclairiereproduction.com\\\/\",\"name\":\"LaClairi\u00e8re Production\",\"description\":\"\",\"publisher\":{\"@id\":\"https:\\\/\\\/laclairiereproduction.com\\\/#organization\"},\"potentialAction\":[{\"@type\":\"SearchAction\",\"target\":{\"@type\":\"EntryPoint\",\"urlTemplate\":\"https:\\\/\\\/laclairiereproduction.com\\\/?s={search_term_string}\"},\"query-input\":{\"@type\":\"PropertyValueSpecification\",\"valueRequired\":true,\"valueName\":\"search_term_string\"}}],\"inLanguage\":\"en-US\"},{\"@type\":\"Organization\",\"@id\":\"https:\\\/\\\/laclairiereproduction.com\\\/#organization\",\"name\":\"LaClairi\u00e8re Production\",\"url\":\"https:\\\/\\\/laclairiereproduction.com\\\/\",\"logo\":{\"@type\":\"ImageObject\",\"inLanguage\":\"en-US\",\"@id\":\"https:\\\/\\\/laclairiereproduction.com\\\/#\\\/schema\\\/logo\\\/image\\\/\",\"url\":\"https:\\\/\\\/laclairiereproduction.com\\\/wp-content\\\/uploads\\\/2018\\\/05\\\/logov1.gif\",\"contentUrl\":\"https:\\\/\\\/laclairiereproduction.com\\\/wp-content\\\/uploads\\\/2018\\\/05\\\/logov1.gif\",\"width\":220,\"height\":211,\"caption\":\"LaClairi\u00e8re Production\"},\"image\":{\"@id\":\"https:\\\/\\\/laclairiereproduction.com\\\/#\\\/schema\\\/logo\\\/image\\\/\"},\"sameAs\":[\"https:\\\/\\\/www.facebook.com\\\/laclairiereproduction\\\/\",\"https:\\\/\\\/x.com\\\/LaClairiereProd\"]}]}<\/script>\n<!-- \/ Yoast SEO plugin. -->","yoast_head_json":{"title":"POUR DE VRAI POUR DE FAUX - LaClairi\u00e8re Production","description":"Cette ann\u00e9e, le directeur et les animateurs du Centre de loisirs Garibaldi de Montreuil ont d\u00e9cid\u00e9 de faire d\u00e9couvrir aux enfants comment on fait du cin\u00e9ma.","robots":{"index":"index","follow":"follow","max-snippet":"max-snippet:-1","max-image-preview":"max-image-preview:large","max-video-preview":"max-video-preview:-1"},"canonical":"https:\/\/laclairiereproduction.com\/en\/pour-de-vrai-pour-de-faux\/","og_locale":"en_US","og_type":"article","og_title":"POUR DE VRAI POUR DE FAUX - LaClairi\u00e8re Production","og_description":"Cette ann\u00e9e, le directeur et les animateurs du Centre de loisirs Garibaldi de Montreuil ont d\u00e9cid\u00e9 de faire d\u00e9couvrir aux enfants comment on fait du cin\u00e9ma.","og_url":"https:\/\/laclairiereproduction.com\/en\/pour-de-vrai-pour-de-faux\/","og_site_name":"LaClairi\u00e8re Production","article_publisher":"https:\/\/www.facebook.com\/laclairiereproduction\/","article_modified_time":"2024-04-03T15:12:48+00:00","og_image":[{"width":1000,"height":562,"url":"https:\/\/laclairiereproduction.com\/wp-content\/uploads\/2018\/02\/POUR-DE-VRAI-POUR-DE-FAUX.jpg","type":"image\/jpeg"}],"twitter_card":"summary_large_image","twitter_site":"@LaClairiereProd","twitter_misc":{"Est. reading time":"2 minutes"},"schema":{"@context":"https:\/\/schema.org","@graph":[{"@type":"WebPage","@id":"https:\/\/laclairiereproduction.com\/pour-de-vrai-pour-de-faux\/","url":"https:\/\/laclairiereproduction.com\/pour-de-vrai-pour-de-faux\/","name":"POUR DE VRAI POUR DE FAUX - LaClairi\u00e8re Production","isPartOf":{"@id":"https:\/\/laclairiereproduction.com\/#website"},"primaryImageOfPage":{"@id":"https:\/\/laclairiereproduction.com\/pour-de-vrai-pour-de-faux\/#primaryimage"},"image":{"@id":"https:\/\/laclairiereproduction.com\/pour-de-vrai-pour-de-faux\/#primaryimage"},"thumbnailUrl":"https:\/\/laclairiereproduction.com\/wp-content\/uploads\/2018\/02\/POUR-DE-VRAI-POUR-DE-FAUX.jpg","datePublished":"2018-04-11T14:35:45+00:00","dateModified":"2024-04-03T15:12:48+00:00","description":"Cette ann\u00e9e, le directeur et les animateurs du Centre de loisirs Garibaldi de Montreuil ont d\u00e9cid\u00e9 de faire d\u00e9couvrir aux enfants comment on fait du cin\u00e9ma.","breadcrumb":{"@id":"https:\/\/laclairiereproduction.com\/pour-de-vrai-pour-de-faux\/#breadcrumb"},"inLanguage":"en-US","potentialAction":[{"@type":"ReadAction","target":["https:\/\/laclairiereproduction.com\/pour-de-vrai-pour-de-faux\/"]}]},{"@type":"ImageObject","inLanguage":"en-US","@id":"https:\/\/laclairiereproduction.com\/pour-de-vrai-pour-de-faux\/#primaryimage","url":"https:\/\/laclairiereproduction.com\/wp-content\/uploads\/2018\/02\/POUR-DE-VRAI-POUR-DE-FAUX.jpg","contentUrl":"https:\/\/laclairiereproduction.com\/wp-content\/uploads\/2018\/02\/POUR-DE-VRAI-POUR-DE-FAUX.jpg","width":1000,"height":562,"caption":"POUR DE VRAI POUR DE FAUX - LaClairi\u00e8re Production Ouest"},{"@type":"BreadcrumbList","@id":"https:\/\/laclairiereproduction.com\/pour-de-vrai-pour-de-faux\/#breadcrumb","itemListElement":[{"@type":"ListItem","position":1,"name":"Accueil","item":"https:\/\/laclairiereproduction.com\/"},{"@type":"ListItem","position":2,"name":"Projets","item":"https:\/\/laclairiereproduction.com\/project\/"},{"@type":"ListItem","position":3,"name":"POUR DE VRAI POUR DE FAUX"}]},{"@type":"WebSite","@id":"https:\/\/laclairiereproduction.com\/#website","url":"https:\/\/laclairiereproduction.com\/","name":"LaClairi\u00e8re Production","description":"","publisher":{"@id":"https:\/\/laclairiereproduction.com\/#organization"},"potentialAction":[{"@type":"SearchAction","target":{"@type":"EntryPoint","urlTemplate":"https:\/\/laclairiereproduction.com\/?s={search_term_string}"},"query-input":{"@type":"PropertyValueSpecification","valueRequired":true,"valueName":"search_term_string"}}],"inLanguage":"en-US"},{"@type":"Organization","@id":"https:\/\/laclairiereproduction.com\/#organization","name":"LaClairi\u00e8re Production","url":"https:\/\/laclairiereproduction.com\/","logo":{"@type":"ImageObject","inLanguage":"en-US","@id":"https:\/\/laclairiereproduction.com\/#\/schema\/logo\/image\/","url":"https:\/\/laclairiereproduction.com\/wp-content\/uploads\/2018\/05\/logov1.gif","contentUrl":"https:\/\/laclairiereproduction.com\/wp-content\/uploads\/2018\/05\/logov1.gif","width":220,"height":211,"caption":"LaClairi\u00e8re Production"},"image":{"@id":"https:\/\/laclairiereproduction.com\/#\/schema\/logo\/image\/"},"sameAs":["https:\/\/www.facebook.com\/laclairiereproduction\/","https:\/\/x.com\/LaClairiereProd"]}]}},"_links":{"self":[{"href":"https:\/\/laclairiereproduction.com\/en\/wp-json\/wp\/v2\/project\/844","targetHints":{"allow":["GET"]}}],"collection":[{"href":"https:\/\/laclairiereproduction.com\/en\/wp-json\/wp\/v2\/project"}],"about":[{"href":"https:\/\/laclairiereproduction.com\/en\/wp-json\/wp\/v2\/types\/project"}],"author":[{"embeddable":true,"href":"https:\/\/laclairiereproduction.com\/en\/wp-json\/wp\/v2\/users\/1"}],"replies":[{"embeddable":true,"href":"https:\/\/laclairiereproduction.com\/en\/wp-json\/wp\/v2\/comments?post=844"}],"version-history":[{"count":4,"href":"https:\/\/laclairiereproduction.com\/en\/wp-json\/wp\/v2\/project\/844\/revisions"}],"predecessor-version":[{"id":4597,"href":"https:\/\/laclairiereproduction.com\/en\/wp-json\/wp\/v2\/project\/844\/revisions\/4597"}],"wp:featuredmedia":[{"embeddable":true,"href":"https:\/\/laclairiereproduction.com\/en\/wp-json\/wp\/v2\/media\/846"}],"wp:attachment":[{"href":"https:\/\/laclairiereproduction.com\/en\/wp-json\/wp\/v2\/media?parent=844"}],"wp:term":[{"taxonomy":"project_category","embeddable":true,"href":"https:\/\/laclairiereproduction.com\/en\/wp-json\/wp\/v2\/project_category?post=844"},{"taxonomy":"project_tag","embeddable":true,"href":"https:\/\/laclairiereproduction.com\/en\/wp-json\/wp\/v2\/project_tag?post=844"}],"curies":[{"name":"wp","href":"https:\/\/api.w.org\/{rel}","templated":true}]}}