{"id":847,"date":"2018-04-21T13:50:29","date_gmt":"2018-04-21T11:50:29","guid":{"rendered":"http:\/\/dev.laclairiereproduction.com\/site\/?post_type=project&#038;p=847"},"modified":"2024-04-03T07:24:02","modified_gmt":"2024-04-03T05:24:02","slug":"apres","status":"publish","type":"project","link":"https:\/\/laclairiereproduction.com\/en\/apres\/","title":{"rendered":"APR\u00c8S"},"content":{"rendered":"<p>[et_pb_section fb_built=\u00a0\u00bb1&Prime; disabled_on=\u00a0\u00bbon|on|on\u00a0\u00bb admin_label=\u00a0\u00bbSection\u00a0\u00bb _builder_version=\u00a0\u00bb4.7.7&Prime; _module_preset=\u00a0\u00bbdefault\u00a0\u00bb custom_padding=\u00a0\u00bb33px||4px|||\u00a0\u00bb disabled=\u00a0\u00bbon\u00a0\u00bb global_module=\u00a0\u00bb2791&Prime; saved_tabs=\u00a0\u00bball\u00a0\u00bb collapsed=\u00a0\u00bbon\u00a0\u00bb global_colors_info=\u00a0\u00bb{}\u00a0\u00bb][et_pb_row column_structure=\u00a0\u00bb1_5,3_5,1_5&Prime; use_custom_gutter=\u00a0\u00bbon\u00a0\u00bb gutter_width=\u00a0\u00bb2&Prime; _builder_version=\u00a0\u00bb4.16&Prime; _module_preset=\u00a0\u00bbdefault\u00a0\u00bb collapsed=\u00a0\u00bboff\u00a0\u00bb global_colors_info=\u00a0\u00bb{}\u00a0\u00bb][et_pb_column type=\u00a0\u00bb1_5&Prime; _builder_version=\u00a0\u00bb4.16&Prime; _module_preset=\u00a0\u00bbdefault\u00a0\u00bb global_colors_info=\u00a0\u00bb{}\u00a0\u00bb][et_pb_code raw_content_tablet=\u00a0\u00bb<a href=%22https:\/\/laclairiereproduction.com\/%22><img class=%22wp-image-870 alignleft%22 src=%22https:\/\/laclairiereproduction.com\/wp-content\/uploads\/2018\/05\/logov1.gif%22 alt=%22Logo LaClairi\u00e8re Production &#038; LaClairi\u00e8re Production Ouest%22 width=%22120%22 height=%22115%22 \/><\/a>\u00a0\u00bb raw_content_phone=\u00a0\u00bb\u00a0\u00bb raw_content_last_edited=\u00a0\u00bbon|phone\u00a0\u00bb _builder_version=\u00a0\u00bb4.16&Prime; _module_preset=\u00a0\u00bbdefault\u00a0\u00bb global_colors_info=\u00a0\u00bb{}\u00a0\u00bb]<a href=\"https:\/\/laclairiereproduction.com\/\"><img loading=\"lazy\" decoding=\"async\" class=\"wp-image-870 alignleft\" src=\"https:\/\/laclairiereproduction.com\/wp-content\/uploads\/2018\/05\/logov1.gif\" alt=\"Logo LaClairi\u00e8re Production &#038; LaClairi\u00e8re Production Ouest\" width=\"140\" height=\"134\" \/><\/a>[\/et_pb_code][\/et_pb_column][et_pb_column type=\u00a0\u00bb3_5&Prime; _builder_version=\u00a0\u00bb4.16&Prime; _module_preset=\u00a0\u00bbdefault\u00a0\u00bb global_colors_info=\u00a0\u00bb{}\u00a0\u00bb][et_pb_menu menu_id=\u00a0\u00bb260&Prime; _builder_version=\u00a0\u00bb4.16&Prime; _module_preset=\u00a0\u00bbdefault\u00a0\u00bb global_colors_info=\u00a0\u00bb{}\u00a0\u00bb][\/et_pb_menu][\/et_pb_column][et_pb_column type=\u00a0\u00bb1_5&Prime; _builder_version=\u00a0\u00bb4.16&Prime; _module_preset=\u00a0\u00bbdefault\u00a0\u00bb global_colors_info=\u00a0\u00bb{}\u00a0\u00bb][et_pb_button button_url=\u00a0\u00bbhttps:\/\/laclairiereproduction.com\/shop\/\u00a0\u00bb button_text=\u00a0\u00bbBOUTIQUE\u00a0\u00bb _builder_version=\u00a0\u00bb4.16&Prime; _module_preset=\u00a0\u00bbdefault\u00a0\u00bb custom_button=\u00a0\u00bbon\u00a0\u00bb button_text_size=\u00a0\u00bb15px\u00a0\u00bb button_text_color=\u00a0\u00bb#ffffff\u00a0\u00bb button_bg_color=\u00a0\u00bb#DB1503&Prime; button_use_icon=\u00a0\u00bboff\u00a0\u00bb background_layout=\u00a0\u00bbdark\u00a0\u00bb global_colors_info=\u00a0\u00bb{}\u00a0\u00bb][\/et_pb_button][\/et_pb_column][\/et_pb_row][\/et_pb_section][et_pb_section fb_built=\u00a0\u00bb1&Prime; _builder_version=\u00a0\u00bb4.16&Prime; custom_padding=\u00a0\u00bb40px|0px||0px\u00a0\u00bb global_colors_info=\u00a0\u00bb{}\u00a0\u00bb][et_pb_row _builder_version=\u00a0\u00bb4.16&Prime; custom_padding=\u00a0\u00bb0|0px|27px|0px\u00a0\u00bb global_colors_info=\u00a0\u00bb{}\u00a0\u00bb][et_pb_column type=\u00a0\u00bb4_4&Prime; _builder_version=\u00a0\u00bb4.16&Prime; custom_padding=\u00a0\u00bb|||\u00a0\u00bb global_colors_info=\u00a0\u00bb{}\u00a0\u00bb custom_padding__hover=\u00a0\u00bb|||\u00a0\u00bb][et_pb_text admin_label=\u00a0\u00bbCat\u00e9gorie: Documentaires\u00a0\u00bb _builder_version=\u00a0\u00bb4.16&Prime; text_font=\u00a0\u00bbOpen Sans|800||on|||||\u00a0\u00bb text_text_color=\u00a0\u00bb#a4bf31&Prime; text_font_size=\u00a0\u00bb18px\u00a0\u00bb custom_margin=\u00a0\u00bb5px|||\u00a0\u00bb custom_padding=\u00a0\u00bb|||\u00a0\u00bb text_font_size_tablet=\u00a0\u00bb17px\u00a0\u00bb text_font_size_phone=\u00a0\u00bb16px\u00a0\u00bb text_font_size_last_edited=\u00a0\u00bbon|tablet\u00a0\u00bb saved_tabs=\u00a0\u00bball\u00a0\u00bb inline_fonts=\u00a0\u00bbAssistant\u00a0\u00bb global_colors_info=\u00a0\u00bb{}\u00a0\u00bb]Documentaires<br \/>\n[\/et_pb_text][et_pb_post_title meta=\u00a0\u00bboff\u00a0\u00bb featured_image=\u00a0\u00bboff\u00a0\u00bb admin_label=\u00a0\u00bbTitre du film (ne pas modifier, automatique)\u00a0\u00bb _builder_version=\u00a0\u00bb4.16&Prime; title_font=\u00a0\u00bbMaven Pro|700||on|||||\u00a0\u00bb title_font_size=\u00a0\u00bb42px\u00a0\u00bb custom_margin=\u00a0\u00bb-15px|||\u00a0\u00bb custom_padding=\u00a0\u00bb|||\u00a0\u00bb title_font_size_tablet=\u00a0\u00bb32px\u00a0\u00bb title_font_size_phone=\u00a0\u00bb24px\u00a0\u00bb title_font_size_last_edited=\u00a0\u00bbon|phone\u00a0\u00bb global_colors_info=\u00a0\u00bb{}\u00a0\u00bb][\/et_pb_post_title][et_pb_text admin_label=\u00a0\u00bbSous-titre\u00a0\u00bb _builder_version=\u00a0\u00bb4.16&Prime; text_font=\u00a0\u00bbOpen Sans|600|||||||\u00a0\u00bb text_text_color=\u00a0\u00bb#000000&Prime; custom_margin=\u00a0\u00bb-30px|||\u00a0\u00bb text_font_size_tablet=\u00a0\u00bb15px\u00a0\u00bb text_font_size_phone=\u00a0\u00bb14px\u00a0\u00bb text_font_size_last_edited=\u00a0\u00bbon|phone\u00a0\u00bb inline_fonts=\u00a0\u00bbAssistant\u00a0\u00bb global_colors_info=\u00a0\u00bb{}\u00a0\u00bb]Un documentaire de Anush Hamzehian \u2013 38\u2019<br \/>\n[\/et_pb_text][et_pb_image src=\u00a0\u00bbhttps:\/\/laclairiereproduction.com\/wp-content\/uploads\/2018\/04\/APRES.jpg\u00a0\u00bb align_tablet=\u00a0\u00bbcenter\u00a0\u00bb align_phone=\u00a0\u00bb\u00a0\u00bb align_last_edited=\u00a0\u00bbon|desktop\u00a0\u00bb admin_label=\u00a0\u00bbImage 16\/9&Prime; _builder_version=\u00a0\u00bb4.18.1&Prime; hover_enabled=\u00a0\u00bb0&Prime; saved_tabs=\u00a0\u00bball\u00a0\u00bb global_colors_info=\u00a0\u00bb{}\u00a0\u00bb force_fullwidth=\u00a0\u00bbon\u00a0\u00bb sticky_enabled=\u00a0\u00bb0&Prime;][\/et_pb_image][et_pb_text _builder_version=\u00a0\u00bb4.16&Prime; text_font=\u00a0\u00bbOpen Sans||||||||\u00a0\u00bb custom_margin=\u00a0\u00bb-10px|||\u00a0\u00bb text_font_size_tablet=\u00a0\u00bb15px\u00a0\u00bb text_font_size_phone=\u00a0\u00bb14px\u00a0\u00bb text_font_size_last_edited=\u00a0\u00bbon|phone\u00a0\u00bb inline_fonts=\u00a0\u00bbAssistant\u00a0\u00bb global_colors_info=\u00a0\u00bb{}\u00a0\u00bb]Tout a commenc\u00e9 par une lettre.<\/p>\n<p>Une lettre dat\u00e9e du mois de mai 1999, que Vittorio Mortarotti, un ami photographe, a d\u00e9couvert l\u2019ann\u00e9e derni\u00e8re dans les affaires de son fr\u00e8re, Stefano. Cette lettre a \u00e9t\u00e9 adress\u00e9e \u00e0 Stefano peu avant qu\u2019il ne disparaisse, par une certaine Kaori.<\/p>\n<p>Car Stefano est mort avec son p\u00e8re dans un accident de voiture alors qu\u2019il n\u2019avait que 20 ans. Vittorio qui lui n\u2019avait que 17 ans, se souvient que Stefano \u00e9tait violent, probablement bipolaire. Mais ce fr\u00e8re qu\u2019il a finalement peu connu, reste pour lui un myst\u00e8re.<\/p>\n<p>Comment vivait-il ? Qui \u00e9taient ses amis ? Comment a-t- il connu cette jeune femme japonaise et que repr\u00e9sentait-elle pour lui ? Il n\u2019en sait rien.<\/p>\n<p>C\u2019est pourquoi Vittorio a d\u00e9cid\u00e9 de partir au Japon, \u00e0 la recherche de Kaori. Cette qu\u00eate sera le point de d\u00e9part d\u2019un travail photographique. Comme il le dit lui-m\u00eame\u00a0: \u00ab\u00a0l\u2019histoire intime de mon fr\u00e8re sera un pr\u00e9texte pour aller chercher des histoires de perte et de reconstruction \u00e0 travers le Japon \u00bb.<\/p>\n<p>Le film raconte cette qu\u00eate. Une qu\u00eate de vie et de renaissance sous la forme d\u2019un dialogue entre photo et vid\u00e9o.<\/p>\n<p><strong>S\u00e9lection et prix<\/strong><br \/>\nLago Film Festival 2016<br \/>\n[\/et_pb_text][et_pb_text admin_label=\u00a0\u00bbNotes en couleur (VERT #A4BF31)\u00a0\u00bb _builder_version=\u00a0\u00bb4.16&Prime; text_font=\u00a0\u00bbOpen Sans|600|||||||\u00a0\u00bb custom_margin=\u00a0\u00bb-10px|||\u00a0\u00bb text_font_size_tablet=\u00a0\u00bb15px\u00a0\u00bb text_font_size_phone=\u00a0\u00bb14px\u00a0\u00bb text_font_size_last_edited=\u00a0\u00bbon|phone\u00a0\u00bb saved_tabs=\u00a0\u00bball\u00a0\u00bb inline_fonts=\u00a0\u00bbAssistant\u00a0\u00bb global_colors_info=\u00a0\u00bb{}\u00a0\u00bb]Une production La Maison du directeur, Vosges TV Images + , Le Cube \u2013 Issy les Moulineaux, La Maison Europ\u00e9enne de la photographie<br \/>\nAvec le soutien du CNC<br \/>\n[\/et_pb_text][\/et_pb_column][\/et_pb_row][\/et_pb_section]<\/p>\n","protected":false},"excerpt":{"rendered":"<p>A documentary by Anush Hamzehian<\/p>","protected":false},"author":1,"featured_media":848,"comment_status":"closed","ping_status":"closed","template":"","meta":{"_et_pb_use_builder":"on","_et_pb_old_content":"[et_pb_section bb_built=\"1\"][et_pb_row][\/et_pb_row][\/et_pb_section]","_et_gb_content_width":"","footnotes":""},"project_category":[10],"project_tag":[268],"class_list":["post-847","project","type-project","status-publish","has-post-thumbnail","hentry","project_category-documentaires","project_tag-au-catalogue"],"yoast_head":"<!-- This site is optimized with the Yoast SEO plugin v27.4 - https:\/\/yoast.com\/product\/yoast-seo-wordpress\/ -->\n<title>APR\u00c8S - LaClairi\u00e8re Production<\/title>\n<meta name=\"description\" content=\"Apr\u00e8s, un documentaire de Anush Hamzehian. Une qu\u00eate de vie et de renaissance sous la forme d\u2019un dialogue entre photo et vid\u00e9o.\" \/>\n<meta name=\"robots\" content=\"index, follow, max-snippet:-1, max-image-preview:large, max-video-preview:-1\" \/>\n<link rel=\"canonical\" href=\"https:\/\/laclairiereproduction.com\/en\/apres\/\" \/>\n<meta property=\"og:locale\" content=\"en_US\" \/>\n<meta property=\"og:type\" content=\"article\" \/>\n<meta property=\"og:title\" content=\"APR\u00c8S - LaClairi\u00e8re Production\" \/>\n<meta property=\"og:description\" content=\"Apr\u00e8s, un documentaire de Anush Hamzehian. Une qu\u00eate de vie et de renaissance sous la forme d\u2019un dialogue entre photo et vid\u00e9o.\" \/>\n<meta property=\"og:url\" content=\"https:\/\/laclairiereproduction.com\/en\/apres\/\" \/>\n<meta property=\"og:site_name\" content=\"LaClairi\u00e8re Production\" \/>\n<meta property=\"article:publisher\" content=\"https:\/\/www.facebook.com\/laclairiereproduction\/\" \/>\n<meta property=\"article:modified_time\" content=\"2024-04-03T05:24:02+00:00\" \/>\n<meta property=\"og:image\" content=\"https:\/\/laclairiereproduction.com\/wp-content\/uploads\/2018\/04\/APRES.jpg\" \/>\n\t<meta property=\"og:image:width\" content=\"1000\" \/>\n\t<meta property=\"og:image:height\" content=\"562\" \/>\n\t<meta property=\"og:image:type\" content=\"image\/jpeg\" \/>\n<meta name=\"twitter:card\" content=\"summary_large_image\" \/>\n<meta name=\"twitter:site\" content=\"@LaClairiereProd\" \/>\n<meta name=\"twitter:label1\" content=\"Est. reading time\" \/>\n\t<meta name=\"twitter:data1\" content=\"2 minutes\" \/>\n<script type=\"application\/ld+json\" class=\"yoast-schema-graph\">{\"@context\":\"https:\\\/\\\/schema.org\",\"@graph\":[{\"@type\":\"WebPage\",\"@id\":\"https:\\\/\\\/laclairiereproduction.com\\\/apres\\\/\",\"url\":\"https:\\\/\\\/laclairiereproduction.com\\\/apres\\\/\",\"name\":\"APR\u00c8S - LaClairi\u00e8re Production\",\"isPartOf\":{\"@id\":\"https:\\\/\\\/laclairiereproduction.com\\\/#website\"},\"primaryImageOfPage\":{\"@id\":\"https:\\\/\\\/laclairiereproduction.com\\\/apres\\\/#primaryimage\"},\"image\":{\"@id\":\"https:\\\/\\\/laclairiereproduction.com\\\/apres\\\/#primaryimage\"},\"thumbnailUrl\":\"https:\\\/\\\/laclairiereproduction.com\\\/wp-content\\\/uploads\\\/2018\\\/04\\\/APRES.jpg\",\"datePublished\":\"2018-04-21T11:50:29+00:00\",\"dateModified\":\"2024-04-03T05:24:02+00:00\",\"description\":\"Apr\u00e8s, un documentaire de Anush Hamzehian. Une qu\u00eate de vie et de renaissance sous la forme d\u2019un dialogue entre photo et vid\u00e9o.\",\"breadcrumb\":{\"@id\":\"https:\\\/\\\/laclairiereproduction.com\\\/apres\\\/#breadcrumb\"},\"inLanguage\":\"en-US\",\"potentialAction\":[{\"@type\":\"ReadAction\",\"target\":[\"https:\\\/\\\/laclairiereproduction.com\\\/apres\\\/\"]}]},{\"@type\":\"ImageObject\",\"inLanguage\":\"en-US\",\"@id\":\"https:\\\/\\\/laclairiereproduction.com\\\/apres\\\/#primaryimage\",\"url\":\"https:\\\/\\\/laclairiereproduction.com\\\/wp-content\\\/uploads\\\/2018\\\/04\\\/APRES.jpg\",\"contentUrl\":\"https:\\\/\\\/laclairiereproduction.com\\\/wp-content\\\/uploads\\\/2018\\\/04\\\/APRES.jpg\",\"width\":1000,\"height\":562,\"caption\":\"APR\u00c8S - LaClairi\u00e8re Production Ouest\"},{\"@type\":\"BreadcrumbList\",\"@id\":\"https:\\\/\\\/laclairiereproduction.com\\\/apres\\\/#breadcrumb\",\"itemListElement\":[{\"@type\":\"ListItem\",\"position\":1,\"name\":\"Accueil\",\"item\":\"https:\\\/\\\/laclairiereproduction.com\\\/\"},{\"@type\":\"ListItem\",\"position\":2,\"name\":\"Projets\",\"item\":\"https:\\\/\\\/laclairiereproduction.com\\\/project\\\/\"},{\"@type\":\"ListItem\",\"position\":3,\"name\":\"APR\u00c8S\"}]},{\"@type\":\"WebSite\",\"@id\":\"https:\\\/\\\/laclairiereproduction.com\\\/#website\",\"url\":\"https:\\\/\\\/laclairiereproduction.com\\\/\",\"name\":\"LaClairi\u00e8re Production\",\"description\":\"\",\"publisher\":{\"@id\":\"https:\\\/\\\/laclairiereproduction.com\\\/#organization\"},\"potentialAction\":[{\"@type\":\"SearchAction\",\"target\":{\"@type\":\"EntryPoint\",\"urlTemplate\":\"https:\\\/\\\/laclairiereproduction.com\\\/?s={search_term_string}\"},\"query-input\":{\"@type\":\"PropertyValueSpecification\",\"valueRequired\":true,\"valueName\":\"search_term_string\"}}],\"inLanguage\":\"en-US\"},{\"@type\":\"Organization\",\"@id\":\"https:\\\/\\\/laclairiereproduction.com\\\/#organization\",\"name\":\"LaClairi\u00e8re Production\",\"url\":\"https:\\\/\\\/laclairiereproduction.com\\\/\",\"logo\":{\"@type\":\"ImageObject\",\"inLanguage\":\"en-US\",\"@id\":\"https:\\\/\\\/laclairiereproduction.com\\\/#\\\/schema\\\/logo\\\/image\\\/\",\"url\":\"https:\\\/\\\/laclairiereproduction.com\\\/wp-content\\\/uploads\\\/2018\\\/05\\\/logov1.gif\",\"contentUrl\":\"https:\\\/\\\/laclairiereproduction.com\\\/wp-content\\\/uploads\\\/2018\\\/05\\\/logov1.gif\",\"width\":220,\"height\":211,\"caption\":\"LaClairi\u00e8re Production\"},\"image\":{\"@id\":\"https:\\\/\\\/laclairiereproduction.com\\\/#\\\/schema\\\/logo\\\/image\\\/\"},\"sameAs\":[\"https:\\\/\\\/www.facebook.com\\\/laclairiereproduction\\\/\",\"https:\\\/\\\/x.com\\\/LaClairiereProd\"]}]}<\/script>\n<!-- \/ Yoast SEO plugin. -->","yoast_head_json":{"title":"APR\u00c8S - LaClairi\u00e8re Production","description":"Apr\u00e8s, un documentaire de Anush Hamzehian. Une qu\u00eate de vie et de renaissance sous la forme d\u2019un dialogue entre photo et vid\u00e9o.","robots":{"index":"index","follow":"follow","max-snippet":"max-snippet:-1","max-image-preview":"max-image-preview:large","max-video-preview":"max-video-preview:-1"},"canonical":"https:\/\/laclairiereproduction.com\/en\/apres\/","og_locale":"en_US","og_type":"article","og_title":"APR\u00c8S - LaClairi\u00e8re Production","og_description":"Apr\u00e8s, un documentaire de Anush Hamzehian. Une qu\u00eate de vie et de renaissance sous la forme d\u2019un dialogue entre photo et vid\u00e9o.","og_url":"https:\/\/laclairiereproduction.com\/en\/apres\/","og_site_name":"LaClairi\u00e8re Production","article_publisher":"https:\/\/www.facebook.com\/laclairiereproduction\/","article_modified_time":"2024-04-03T05:24:02+00:00","og_image":[{"width":1000,"height":562,"url":"https:\/\/laclairiereproduction.com\/wp-content\/uploads\/2018\/04\/APRES.jpg","type":"image\/jpeg"}],"twitter_card":"summary_large_image","twitter_site":"@LaClairiereProd","twitter_misc":{"Est. reading time":"2 minutes"},"schema":{"@context":"https:\/\/schema.org","@graph":[{"@type":"WebPage","@id":"https:\/\/laclairiereproduction.com\/apres\/","url":"https:\/\/laclairiereproduction.com\/apres\/","name":"APR\u00c8S - LaClairi\u00e8re Production","isPartOf":{"@id":"https:\/\/laclairiereproduction.com\/#website"},"primaryImageOfPage":{"@id":"https:\/\/laclairiereproduction.com\/apres\/#primaryimage"},"image":{"@id":"https:\/\/laclairiereproduction.com\/apres\/#primaryimage"},"thumbnailUrl":"https:\/\/laclairiereproduction.com\/wp-content\/uploads\/2018\/04\/APRES.jpg","datePublished":"2018-04-21T11:50:29+00:00","dateModified":"2024-04-03T05:24:02+00:00","description":"Apr\u00e8s, un documentaire de Anush Hamzehian. Une qu\u00eate de vie et de renaissance sous la forme d\u2019un dialogue entre photo et vid\u00e9o.","breadcrumb":{"@id":"https:\/\/laclairiereproduction.com\/apres\/#breadcrumb"},"inLanguage":"en-US","potentialAction":[{"@type":"ReadAction","target":["https:\/\/laclairiereproduction.com\/apres\/"]}]},{"@type":"ImageObject","inLanguage":"en-US","@id":"https:\/\/laclairiereproduction.com\/apres\/#primaryimage","url":"https:\/\/laclairiereproduction.com\/wp-content\/uploads\/2018\/04\/APRES.jpg","contentUrl":"https:\/\/laclairiereproduction.com\/wp-content\/uploads\/2018\/04\/APRES.jpg","width":1000,"height":562,"caption":"APR\u00c8S - LaClairi\u00e8re Production Ouest"},{"@type":"BreadcrumbList","@id":"https:\/\/laclairiereproduction.com\/apres\/#breadcrumb","itemListElement":[{"@type":"ListItem","position":1,"name":"Accueil","item":"https:\/\/laclairiereproduction.com\/"},{"@type":"ListItem","position":2,"name":"Projets","item":"https:\/\/laclairiereproduction.com\/project\/"},{"@type":"ListItem","position":3,"name":"APR\u00c8S"}]},{"@type":"WebSite","@id":"https:\/\/laclairiereproduction.com\/#website","url":"https:\/\/laclairiereproduction.com\/","name":"LaClairi\u00e8re Production","description":"","publisher":{"@id":"https:\/\/laclairiereproduction.com\/#organization"},"potentialAction":[{"@type":"SearchAction","target":{"@type":"EntryPoint","urlTemplate":"https:\/\/laclairiereproduction.com\/?s={search_term_string}"},"query-input":{"@type":"PropertyValueSpecification","valueRequired":true,"valueName":"search_term_string"}}],"inLanguage":"en-US"},{"@type":"Organization","@id":"https:\/\/laclairiereproduction.com\/#organization","name":"LaClairi\u00e8re Production","url":"https:\/\/laclairiereproduction.com\/","logo":{"@type":"ImageObject","inLanguage":"en-US","@id":"https:\/\/laclairiereproduction.com\/#\/schema\/logo\/image\/","url":"https:\/\/laclairiereproduction.com\/wp-content\/uploads\/2018\/05\/logov1.gif","contentUrl":"https:\/\/laclairiereproduction.com\/wp-content\/uploads\/2018\/05\/logov1.gif","width":220,"height":211,"caption":"LaClairi\u00e8re Production"},"image":{"@id":"https:\/\/laclairiereproduction.com\/#\/schema\/logo\/image\/"},"sameAs":["https:\/\/www.facebook.com\/laclairiereproduction\/","https:\/\/x.com\/LaClairiereProd"]}]}},"_links":{"self":[{"href":"https:\/\/laclairiereproduction.com\/en\/wp-json\/wp\/v2\/project\/847","targetHints":{"allow":["GET"]}}],"collection":[{"href":"https:\/\/laclairiereproduction.com\/en\/wp-json\/wp\/v2\/project"}],"about":[{"href":"https:\/\/laclairiereproduction.com\/en\/wp-json\/wp\/v2\/types\/project"}],"author":[{"embeddable":true,"href":"https:\/\/laclairiereproduction.com\/en\/wp-json\/wp\/v2\/users\/1"}],"replies":[{"embeddable":true,"href":"https:\/\/laclairiereproduction.com\/en\/wp-json\/wp\/v2\/comments?post=847"}],"version-history":[{"count":4,"href":"https:\/\/laclairiereproduction.com\/en\/wp-json\/wp\/v2\/project\/847\/revisions"}],"predecessor-version":[{"id":4551,"href":"https:\/\/laclairiereproduction.com\/en\/wp-json\/wp\/v2\/project\/847\/revisions\/4551"}],"wp:featuredmedia":[{"embeddable":true,"href":"https:\/\/laclairiereproduction.com\/en\/wp-json\/wp\/v2\/media\/848"}],"wp:attachment":[{"href":"https:\/\/laclairiereproduction.com\/en\/wp-json\/wp\/v2\/media?parent=847"}],"wp:term":[{"taxonomy":"project_category","embeddable":true,"href":"https:\/\/laclairiereproduction.com\/en\/wp-json\/wp\/v2\/project_category?post=847"},{"taxonomy":"project_tag","embeddable":true,"href":"https:\/\/laclairiereproduction.com\/en\/wp-json\/wp\/v2\/project_tag?post=847"}],"curies":[{"name":"wp","href":"https:\/\/api.w.org\/{rel}","templated":true}]}}